{"id":5126,"date":"2022-12-09T09:58:54","date_gmt":"2022-12-09T08:58:54","guid":{"rendered":"https:\/\/forumqualenergia.it\/2022\/?page_id=5126"},"modified":"2025-09-18T17:00:48","modified_gmt":"2025-09-18T15:00:48","slug":"documenti-2","status":"publish","type":"page","link":"https:\/\/staging.forumqualenergia.it\/2022\/documenti-2\/","title":{"rendered":"DOCUMENTI"},"content":{"rendered":"\t\t<div data-elementor-type=\"wp-page\" data-elementor-id=\"5126\" class=\"elementor elementor-5126\" data-elementor-post-type=\"page\">\n\t\t\t\t<div class=\"elementor-element elementor-element-3d4d00c2 e-flex e-con-boxed e-con e-parent\" data-id=\"3d4d00c2\" data-element_type=\"container\" data-settings=\"{&quot;background_background&quot;:&quot;classic&quot;}\">\n\t\t\t\t\t<div class=\"e-con-inner\">\n\t\t<div class=\"elementor-element elementor-element-4e84269c e-con-full e-flex e-con e-child\" data-id=\"4e84269c\" data-element_type=\"container\">\n\t\t\t\t<div class=\"elementor-element elementor-element-24470597 elementor-widget elementor-widget-heading\" data-id=\"24470597\" data-element_type=\"widget\" data-settings=\"{&quot;ekit_we_effect_on&quot;:&quot;none&quot;}\" data-widget_type=\"heading.default\">\n\t\t\t\t\t<h2 class=\"elementor-heading-title elementor-size-default\">Documenti<\/h2>\t\t\t\t<\/div>\n\t\t\t\t<\/div>\n\t\t<div class=\"elementor-element elementor-element-5c6b399c e-con-full e-flex e-con e-child\" data-id=\"5c6b399c\" data-element_type=\"container\">\n\t\t<div class=\"elementor-element elementor-element-8f3b120 e-con-full e-flex e-con e-child\" data-id=\"8f3b120\" data-element_type=\"container\">\n\t\t\t\t<div class=\"elementor-element elementor-element-7c2bc15d elementor-widget elementor-widget-heading\" data-id=\"7c2bc15d\" data-element_type=\"widget\" data-settings=\"{&quot;ekit_we_effect_on&quot;:&quot;none&quot;}\" data-widget_type=\"heading.default\">\n\t\t\t\t\t<h3 class=\"elementor-heading-title elementor-size-default\">Scarica le presentazioni e guarda i video dei relatori.<\/h3>\t\t\t\t<\/div>\n\t\t\t\t<div class=\"elementor-element elementor-element-59c3c4bb elementor-widget-divider--view-line elementor-widget elementor-widget-divider\" data-id=\"59c3c4bb\" data-element_type=\"widget\" data-settings=\"{&quot;ekit_we_effect_on&quot;:&quot;none&quot;}\" data-widget_type=\"divider.default\">\n\t\t\t\t\t\t\t<div class=\"elementor-divider\">\n\t\t\t<span class=\"elementor-divider-separator\">\n\t\t\t\t\t\t<\/span>\n\t\t<\/div>\n\t\t\t\t\t\t<\/div>\n\t\t\t\t<\/div>\n\t\t\t\t<\/div>\n\t\t\t\t\t<\/div>\n\t\t\t\t<\/div>\n\t\t<div class=\"elementor-element elementor-element-19cfba65 e-flex e-con-boxed e-con e-parent\" data-id=\"19cfba65\" data-element_type=\"container\" data-settings=\"{&quot;background_background&quot;:&quot;classic&quot;}\">\n\t\t\t\t\t<div class=\"e-con-inner\">\n\t\t<div class=\"elementor-element elementor-element-1ce3bfe8 e-con-full e-flex e-con e-child\" data-id=\"1ce3bfe8\" data-element_type=\"container\">\n\t\t\t\t<div class=\"elementor-element elementor-element-c53b176 elementor-widget elementor-widget-image\" data-id=\"c53b176\" data-element_type=\"widget\" data-settings=\"{&quot;ekit_we_effect_on&quot;:&quot;none&quot;}\" data-widget_type=\"image.default\">\n\t\t\t\t\t\t\t\t\t\t\t\t\t\t\t\t<a href=\"https:\/\/www.legambiente.it\/\" target=\"_blank\">\n\t\t\t\t\t\t\t<img decoding=\"async\" width=\"200\" height=\"118\" src=\"https:\/\/staging.forumqualenergia.it\/2022\/wp-content\/uploads\/sites\/23\/2025\/09\/Logo-Legambiente-e1595929567454-200x118-2.png\" class=\"attachment-medium size-medium wp-image-5635\" alt=\"\" \/>\t\t\t\t\t\t\t\t<\/a>\n\t\t\t\t\t\t\t\t\t\t\t\t\t\t\t<\/div>\n\t\t\t\t<\/div>\n\t\t<div class=\"elementor-element elementor-element-129b9815 e-con-full e-flex e-con e-child\" data-id=\"129b9815\" data-element_type=\"container\">\n\t\t\t\t<div class=\"elementor-element elementor-element-56afe0bc elementor-widget elementor-widget-exhibz-speaker\" data-id=\"56afe0bc\" data-element_type=\"widget\" data-settings=\"{&quot;ekit_we_effect_on&quot;:&quot;none&quot;}\" data-widget_type=\"exhibz-speaker.default\">\n\t\t\t\t<div class=\"elementor-widget-container\">\n\t\t\t\t\t\t\t\t            <div class=\"ts-speaker\" style=\"--speaker-color: #25CD44\">\n                <div class=\"speaker-img\">\n\t\t\t\t\t                        <img decoding=\"async\" src=\"https:\/\/staging.forumqualenergia.it\/2022\/wp-content\/uploads\/sites\/23\/2021\/11\/Marco-Mancini.jpeg\"\n                             alt=\"\">\n\t\t\t\t\t                    <a href=\"#popup_56afe0bc5765\"\n                       class=\"view-speaker ts-image-popup\" data-effect=\"mfp-zoom-in\">\n                        <i class=\"icon icon-plus\"><\/i>\n                    <\/a>\n                <\/div>\n                <div class=\"ts-speaker-info\">\n                    <h3 class=\"ts-title\">\n                        <a href=\"https:\/\/staging.forumqualenergia.it\/2022\/blog\/speaker\/marco-mancini\/\"> Marco Mancini <\/a>\n                    <\/h3>\n                    <p>\n\t\t\t\t\t\tUfficio Scientifico Legambiente                    <\/p>\n                <\/div>\n                <!--- speaker info end -->\n                <!-- popup start-->\n                <div id=\"popup_56afe0bc5765\"\n                     class=\"container ts-speaker-popup mfp-hide\">\n                    <div class=\"row\">\n                        <div class=\"col-lg-6\">\n                            <div class=\"ts-speaker-popup-img\">\n\t\t\t\t\t\t\t\t                                    <img decoding=\"async\" src=\"https:\/\/staging.forumqualenergia.it\/2022\/wp-content\/uploads\/sites\/23\/2021\/11\/Marco-Mancini.jpeg\"\n                                         alt=\"\">\n\t\t\t\t\t\t\t\t                            <\/div>\n                        <\/div>\n                        <!-- col end-->\n                        <div class=\"col-lg-6\">\n                            <div class=\"ts-speaker-popup-content\">\n                                <h3 class=\"ts-title\"><a\n                                            href=\"https:\/\/staging.forumqualenergia.it\/2022\/blog\/speaker\/marco-mancini\/\"> Marco Mancini <\/a>\n                                <\/h3>\n                                <span class=\"speakder-designation\"> Ufficio Scientifico Legambiente<\/span>\n\t\t\t\t\t\t\t\t                                    <img decoding=\"async\" src=\"\"\n                                         alt=\"\">\n\t\t\t\t\t\t\t\t                                <p>\n\t\t\t\t\t\t\t\t\t<div class=\"gmail_default\">Marco\u00a0<span class=\"il\">Mancini<\/span>, laureato alla Sapienza in Scienze Ambientali e con un dottorato in Ecologia Forestale dell\u2019ateneo della Tuscia, approda nell\u2019ufficio scientifico di Legambiente occupandosi della Campagna di Monitoraggio Scientifico di Goletta Verde.<\/div>\r\n<div class=\"gmail_default\">Per l\u2019associazione lavora dal 2011 con dedizione e passione ai temi della sostenibilit\u00e0 legati principalmente al problema delle emissioni climalteranti e al nuovo regolamento europeo sui gas fluorurati; sul tema del Green Public Procurement e del monitoraggio civico dei CAM svolto dall\u2019Osservatorio Appalti Verdi; non ultimo segue con attenzione il tema dell\u2019Economia Circolare e della prevenzione, riduzione e riutilizzo nella gestione integrata dei rifiuti.<\/div>                                <\/p>\n                                <div class=\"ts-speakers-social\">\n\t\t\t\t\t\t\t\t\t\t\t\t\t\t\t\t\t\t\t\t\t\t\t\t\t\t\t\t                                <\/div>\n                            <\/div>\n                            <!-- ts-speaker-popup-content end-->\n                        <\/div>\n                        <!-- col end-->\n                    <\/div>\n                    <!-- row end-->\n                <\/div>\n                <!-- popup end-->\n            <\/div>\n            <!-- ts-speaker end  -->\n\t\t\n\n\t\t\t\n\t\t\t\n\t\t\t\n\n\t\t\t\t\t\t<\/div>\n\t\t\t\t<\/div>\n\t\t\t\t<\/div>\n\t\t<div class=\"elementor-element elementor-element-7aba7073 e-con-full e-flex e-con e-child\" data-id=\"7aba7073\" data-element_type=\"container\">\n\t\t\t\t<div class=\"elementor-element elementor-element-459dbc85 elementor-align-left elementor-invisible elementor-widget elementor-widget-button\" data-id=\"459dbc85\" data-element_type=\"widget\" data-settings=\"{&quot;_animation&quot;:&quot;fadeInUp&quot;,&quot;_animation_delay&quot;:450,&quot;ekit_we_effect_on&quot;:&quot;none&quot;}\" data-widget_type=\"button.default\">\n\t\t\t\t\t\t\t\t\t\t<a class=\"elementor-button elementor-button-link elementor-size-md\" href=\"https:\/\/forumqualenergia.it\/2022\/wp-content\/uploads\/2022\/11\/FORUM-QUALENERGIA-2022_Mancini.pptx\" target=\"_blank\">\n\t\t\t\t\t\t<span class=\"elementor-button-content-wrapper\">\n\t\t\t\t\t\t\t\t\t<span class=\"elementor-button-text\">Scarica la presentazione di Legambiebte<\/span>\n\t\t\t\t\t<\/span>\n\t\t\t\t\t<\/a>\n\t\t\t\t\t\t\t\t<\/div>\n\t\t\t\t<div class=\"elementor-element elementor-element-5ecd69d8 elementor-widget elementor-widget-text-editor\" data-id=\"5ecd69d8\" data-element_type=\"widget\" data-settings=\"{&quot;ekit_we_effect_on&quot;:&quot;none&quot;}\" data-widget_type=\"text-editor.default\">\n\t\t\t\t\t\t\t\t\t<p>Decarbonizzare il riscaldamento: soluzioni al cuore del problema<\/p>\t\t\t\t\t\t\t\t<\/div>\n\t\t\t\t<\/div>\n\t\t\t\t\t<\/div>\n\t\t\t\t<\/div>\n\t\t<div class=\"elementor-element elementor-element-3ae3c683 e-flex e-con-boxed e-con e-parent\" data-id=\"3ae3c683\" data-element_type=\"container\" data-settings=\"{&quot;background_background&quot;:&quot;classic&quot;}\">\n\t\t\t\t\t<div class=\"e-con-inner\">\n\t\t\t\t<div class=\"elementor-element elementor-element-3b2dfa14 elementor-widget-divider--view-line elementor-widget elementor-widget-divider\" data-id=\"3b2dfa14\" data-element_type=\"widget\" data-settings=\"{&quot;ekit_we_effect_on&quot;:&quot;none&quot;}\" data-widget_type=\"divider.default\">\n\t\t\t\t\t\t\t<div class=\"elementor-divider\">\n\t\t\t<span class=\"elementor-divider-separator\">\n\t\t\t\t\t\t<\/span>\n\t\t<\/div>\n\t\t\t\t\t\t<\/div>\n\t\t\t\t\t<\/div>\n\t\t\t\t<\/div>\n\t\t<div class=\"elementor-element elementor-element-2527c56b e-flex e-con-boxed e-con e-parent\" data-id=\"2527c56b\" data-element_type=\"container\" data-settings=\"{&quot;background_background&quot;:&quot;classic&quot;}\">\n\t\t\t\t\t<div class=\"e-con-inner\">\n\t\t<div class=\"elementor-element elementor-element-45952520 e-con-full e-flex e-con e-child\" data-id=\"45952520\" data-element_type=\"container\">\n\t\t\t\t<div class=\"elementor-element elementor-element-e03f107 elementor-widget elementor-widget-image\" data-id=\"e03f107\" data-element_type=\"widget\" data-settings=\"{&quot;ekit_we_effect_on&quot;:&quot;none&quot;}\" data-widget_type=\"image.default\">\n\t\t\t\t\t\t\t\t\t\t\t\t\t\t\t\t<a href=\"https:\/\/www.legambiente.it\/\" target=\"_blank\">\n\t\t\t\t\t\t\t<img decoding=\"async\" width=\"200\" height=\"118\" src=\"https:\/\/staging.forumqualenergia.it\/2022\/wp-content\/uploads\/sites\/23\/2025\/09\/Logo-Legambiente-e1595929567454-200x118-2.png\" class=\"attachment-medium size-medium wp-image-5635\" alt=\"\" \/>\t\t\t\t\t\t\t\t<\/a>\n\t\t\t\t\t\t\t\t\t\t\t\t\t\t\t<\/div>\n\t\t\t\t<\/div>\n\t\t<div class=\"elementor-element elementor-element-4a6cdbee e-con-full e-flex e-con e-child\" data-id=\"4a6cdbee\" data-element_type=\"container\">\n\t\t\t\t<div class=\"elementor-element elementor-element-4d95b1bb elementor-widget elementor-widget-exhibz-speaker\" data-id=\"4d95b1bb\" data-element_type=\"widget\" data-settings=\"{&quot;ekit_we_effect_on&quot;:&quot;none&quot;}\" data-widget_type=\"exhibz-speaker.default\">\n\t\t\t\t<div class=\"elementor-widget-container\">\n\t\t\t\t\t\t\t\t            <div class=\"ts-speaker\" style=\"--speaker-color: #25CD44\">\n                <div class=\"speaker-img\">\n\t\t\t\t\t                        <img decoding=\"async\" src=\"https:\/\/staging.forumqualenergia.it\/2022\/wp-content\/uploads\/sites\/23\/2020\/11\/Katiuscia-Eroe.jpeg\"\n                             alt=\"\">\n\t\t\t\t\t                    <a href=\"#popup_4d95b1bb5774\"\n                       class=\"view-speaker ts-image-popup\" data-effect=\"mfp-zoom-in\">\n                        <i class=\"icon icon-plus\"><\/i>\n                    <\/a>\n                <\/div>\n                <div class=\"ts-speaker-info\">\n                    <h3 class=\"ts-title\">\n                        <a href=\"https:\/\/staging.forumqualenergia.it\/2022\/blog\/speaker\/katiuscia-eroe\/\"> Katiuscia Eroe <\/a>\n                    <\/h3>\n                    <p>\n\t\t\t\t\t\tResponsabile Energia Legambiente                    <\/p>\n                <\/div>\n                <!--- speaker info end -->\n                <!-- popup start-->\n                <div id=\"popup_4d95b1bb5774\"\n                     class=\"container ts-speaker-popup mfp-hide\">\n                    <div class=\"row\">\n                        <div class=\"col-lg-6\">\n                            <div class=\"ts-speaker-popup-img\">\n\t\t\t\t\t\t\t\t                                    <img decoding=\"async\" src=\"https:\/\/staging.forumqualenergia.it\/2022\/wp-content\/uploads\/sites\/23\/2020\/11\/Katiuscia-Eroe.jpeg\"\n                                         alt=\"\">\n\t\t\t\t\t\t\t\t                            <\/div>\n                        <\/div>\n                        <!-- col end-->\n                        <div class=\"col-lg-6\">\n                            <div class=\"ts-speaker-popup-content\">\n                                <h3 class=\"ts-title\"><a\n                                            href=\"https:\/\/staging.forumqualenergia.it\/2022\/blog\/speaker\/katiuscia-eroe\/\"> Katiuscia Eroe <\/a>\n                                <\/h3>\n                                <span class=\"speakder-designation\"> Responsabile Energia Legambiente<\/span>\n\t\t\t\t\t\t\t\t                                    <img decoding=\"async\" src=\"\"\n                                         alt=\"\">\n\t\t\t\t\t\t\t\t                                <p>\n\t\t\t\t\t\t\t\t\t<a href=\"https:\/\/it.linkedin.com\/in\/katiusciaeroe\">Profilo della relatrice<\/a>                                <\/p>\n                                <div class=\"ts-speakers-social\">\n\t\t\t\t\t\t\t\t\t\t\t\t\t\t\t\t\t\t\t\t\t\t\t\t\t\t\t\t                                <\/div>\n                            <\/div>\n                            <!-- ts-speaker-popup-content end-->\n                        <\/div>\n                        <!-- col end-->\n                    <\/div>\n                    <!-- row end-->\n                <\/div>\n                <!-- popup end-->\n            <\/div>\n            <!-- ts-speaker end  -->\n\t\t\n\n\t\t\t\n\t\t\t\n\t\t\t\n\n\t\t\t\t\t\t<\/div>\n\t\t\t\t<\/div>\n\t\t\t\t<\/div>\n\t\t<div class=\"elementor-element elementor-element-47b69fd1 e-con-full e-flex e-con e-child\" data-id=\"47b69fd1\" data-element_type=\"container\">\n\t\t\t\t<div class=\"elementor-element elementor-element-66346122 elementor-align-left elementor-invisible elementor-widget elementor-widget-button\" data-id=\"66346122\" data-element_type=\"widget\" data-settings=\"{&quot;_animation&quot;:&quot;fadeInUp&quot;,&quot;_animation_delay&quot;:450,&quot;ekit_we_effect_on&quot;:&quot;none&quot;}\" data-widget_type=\"button.default\">\n\t\t\t\t\t\t\t\t\t\t<a class=\"elementor-button elementor-button-link elementor-size-md\" href=\"https:\/\/forumqualenergia.it\/2022\/wp-content\/uploads\/2022\/11\/Katiuscia-Eroe-Sussidi-fonti-fossili.pdf\" target=\"_blank\">\n\t\t\t\t\t\t<span class=\"elementor-button-content-wrapper\">\n\t\t\t\t\t\t\t\t\t<span class=\"elementor-button-text\">Scarica le slide<\/span>\n\t\t\t\t\t<\/span>\n\t\t\t\t\t<\/a>\n\t\t\t\t\t\t\t\t<\/div>\n\t\t\t\t<div class=\"elementor-element elementor-element-7846133 elementor-widget elementor-widget-text-editor\" data-id=\"7846133\" data-element_type=\"widget\" data-settings=\"{&quot;ekit_we_effect_on&quot;:&quot;none&quot;}\" data-widget_type=\"text-editor.default\">\n\t\t\t\t\t\t\t\t\t<p>Gli italiani e la sostenibilit\u00e0<\/p>\t\t\t\t\t\t\t\t<\/div>\n\t\t\t\t<\/div>\n\t\t\t\t\t<\/div>\n\t\t\t\t<\/div>\n\t\t<div class=\"elementor-element elementor-element-3efdfc2b e-flex e-con-boxed e-con e-parent\" data-id=\"3efdfc2b\" data-element_type=\"container\" data-settings=\"{&quot;background_background&quot;:&quot;classic&quot;}\">\n\t\t\t\t\t<div class=\"e-con-inner\">\n\t\t\t\t<div class=\"elementor-element elementor-element-2db15f6d elementor-widget-divider--view-line elementor-widget elementor-widget-divider\" data-id=\"2db15f6d\" data-element_type=\"widget\" data-settings=\"{&quot;ekit_we_effect_on&quot;:&quot;none&quot;}\" data-widget_type=\"divider.default\">\n\t\t\t\t\t\t\t<div class=\"elementor-divider\">\n\t\t\t<span class=\"elementor-divider-separator\">\n\t\t\t\t\t\t<\/span>\n\t\t<\/div>\n\t\t\t\t\t\t<\/div>\n\t\t\t\t\t<\/div>\n\t\t\t\t<\/div>\n\t\t<div class=\"elementor-element elementor-element-1cbf32c6 e-flex e-con-boxed e-con e-parent\" data-id=\"1cbf32c6\" data-element_type=\"container\" data-settings=\"{&quot;background_background&quot;:&quot;classic&quot;}\">\n\t\t\t\t\t<div class=\"e-con-inner\">\n\t\t<div class=\"elementor-element elementor-element-4be7a428 e-con-full e-flex e-con e-child\" data-id=\"4be7a428\" data-element_type=\"container\">\n\t\t\t\t<div class=\"elementor-element elementor-element-d386ce1 elementor-widget elementor-widget-image\" data-id=\"d386ce1\" data-element_type=\"widget\" data-settings=\"{&quot;ekit_we_effect_on&quot;:&quot;none&quot;}\" data-widget_type=\"image.default\">\n\t\t\t\t\t\t\t\t\t\t\t\t\t\t\t\t<a href=\"https:\/\/www.legambiente.it\/\" target=\"_blank\">\n\t\t\t\t\t\t\t<img decoding=\"async\" width=\"200\" height=\"118\" src=\"https:\/\/staging.forumqualenergia.it\/2022\/wp-content\/uploads\/sites\/23\/2025\/09\/Logo-Legambiente-e1595929567454-200x118-2.png\" class=\"attachment-medium size-medium wp-image-5635\" alt=\"\" \/>\t\t\t\t\t\t\t\t<\/a>\n\t\t\t\t\t\t\t\t\t\t\t\t\t\t\t<\/div>\n\t\t\t\t<\/div>\n\t\t<div class=\"elementor-element elementor-element-407b777c e-con-full e-flex e-con e-child\" data-id=\"407b777c\" data-element_type=\"container\">\n\t\t\t\t<div class=\"elementor-element elementor-element-5901d5f0 elementor-widget elementor-widget-exhibz-speaker\" data-id=\"5901d5f0\" data-element_type=\"widget\" data-settings=\"{&quot;ekit_we_effect_on&quot;:&quot;none&quot;}\" data-widget_type=\"exhibz-speaker.default\">\n\t\t\t\t<div class=\"elementor-widget-container\">\n\t\t\t\t\t\t\t\t            <div class=\"ts-speaker\" style=\"--speaker-color: #25CD44\">\n                <div class=\"speaker-img\">\n\t\t\t\t\t                        <img decoding=\"async\" src=\"https:\/\/staging.forumqualenergia.it\/2022\/wp-content\/uploads\/sites\/23\/2020\/11\/Andrea-Poggio.jpg\"\n                             alt=\"\">\n\t\t\t\t\t                    <a href=\"#popup_5901d5f05758\"\n                       class=\"view-speaker ts-image-popup\" data-effect=\"mfp-zoom-in\">\n                        <i class=\"icon icon-plus\"><\/i>\n                    <\/a>\n                <\/div>\n                <div class=\"ts-speaker-info\">\n                    <h3 class=\"ts-title\">\n                        <a href=\"https:\/\/staging.forumqualenergia.it\/2022\/blog\/speaker\/andrea-poggio\/\"> Andrea Poggio <\/a>\n                    <\/h3>\n                    <p>\n\t\t\t\t\t\tResponsabile Nazionale mobilit\u00e0 sostenibile Legambiente                    <\/p>\n                <\/div>\n                <!--- speaker info end -->\n                <!-- popup start-->\n                <div id=\"popup_5901d5f05758\"\n                     class=\"container ts-speaker-popup mfp-hide\">\n                    <div class=\"row\">\n                        <div class=\"col-lg-6\">\n                            <div class=\"ts-speaker-popup-img\">\n\t\t\t\t\t\t\t\t                                    <img decoding=\"async\" src=\"https:\/\/staging.forumqualenergia.it\/2022\/wp-content\/uploads\/sites\/23\/2020\/11\/Andrea-Poggio.jpg\"\n                                         alt=\"\">\n\t\t\t\t\t\t\t\t                            <\/div>\n                        <\/div>\n                        <!-- col end-->\n                        <div class=\"col-lg-6\">\n                            <div class=\"ts-speaker-popup-content\">\n                                <h3 class=\"ts-title\"><a\n                                            href=\"https:\/\/staging.forumqualenergia.it\/2022\/blog\/speaker\/andrea-poggio\/\"> Andrea Poggio <\/a>\n                                <\/h3>\n                                <span class=\"speakder-designation\"> Responsabile Nazionale mobilit\u00e0 sostenibile Legambiente<\/span>\n\t\t\t\t\t\t\t\t                                    <img decoding=\"async\" src=\"\"\n                                         alt=\"\">\n\t\t\t\t\t\t\t\t                                <p>\n\t\t\t\t\t\t\t\t\tAndrea Poggio, segreteria nazionale Legambiente, responsabile mobilit\u00e0 sostenibile e stili di vita (www.viviconstile.org). Autore di\u00a0<em>Vivi con stile<\/em>\u00a0(2007),\u00a0<em>Viaggiare leggeri<\/em>\u00a0(2008),\u00a0<em>Green Life, vita nelle citt\u00e0 di domani<\/em>\u00a0(2010),\u00a0<em>Le citt\u00e0 sostenibili<\/em>\u00a0(2013),\u00a0<em>Green Mobility, come cambiare la citt\u00e0 e la vita<\/em>\u00a0(2018).                                <\/p>\n                                <div class=\"ts-speakers-social\">\n\t\t\t\t\t\t\t\t\t\t\t\t\t\t\t\t\t\t\t\t\t\t\t\t\t\t\t\t                                <\/div>\n                            <\/div>\n                            <!-- ts-speaker-popup-content end-->\n                        <\/div>\n                        <!-- col end-->\n                    <\/div>\n                    <!-- row end-->\n                <\/div>\n                <!-- popup end-->\n            <\/div>\n            <!-- ts-speaker end  -->\n\t\t\n\n\t\t\t\n\t\t\t\n\t\t\t\n\n\t\t\t\t\t\t<\/div>\n\t\t\t\t<\/div>\n\t\t\t\t<\/div>\n\t\t<div class=\"elementor-element elementor-element-6c0fad5b e-con-full e-flex e-con e-child\" data-id=\"6c0fad5b\" data-element_type=\"container\">\n\t\t\t\t<div class=\"elementor-element elementor-element-69cb68b8 elementor-align-left elementor-invisible elementor-widget elementor-widget-button\" data-id=\"69cb68b8\" data-element_type=\"widget\" data-settings=\"{&quot;_animation&quot;:&quot;fadeInUp&quot;,&quot;_animation_delay&quot;:450,&quot;ekit_we_effect_on&quot;:&quot;none&quot;}\" data-widget_type=\"button.default\">\n\t\t\t\t\t\t\t\t\t\t<a class=\"elementor-button elementor-button-link elementor-size-md\" href=\"https:\/\/forumqualenergia.it\/2022\/wp-content\/uploads\/2022\/12\/Andrea-Poggio-pomeriggio-30-novembre.pptx\" target=\"_blank\">\n\t\t\t\t\t\t<span class=\"elementor-button-content-wrapper\">\n\t\t\t\t\t\t\t\t\t<span class=\"elementor-button-text\">Scarica le slide<\/span>\n\t\t\t\t\t<\/span>\n\t\t\t\t\t<\/a>\n\t\t\t\t\t\t\t\t<\/div>\n\t\t\t\t<div class=\"elementor-element elementor-element-203497d1 elementor-widget elementor-widget-text-editor\" data-id=\"203497d1\" data-element_type=\"widget\" data-settings=\"{&quot;ekit_we_effect_on&quot;:&quot;none&quot;}\" data-widget_type=\"text-editor.default\">\n\t\t\t\t\t\t\t\t\t<p>Rinnovabili nei trasporti: vere o ingannevoli?<\/p>\t\t\t\t\t\t\t\t<\/div>\n\t\t\t\t<\/div>\n\t\t\t\t\t<\/div>\n\t\t\t\t<\/div>\n\t\t<div class=\"elementor-element elementor-element-2711728f e-flex e-con-boxed e-con e-parent\" data-id=\"2711728f\" data-element_type=\"container\" data-settings=\"{&quot;background_background&quot;:&quot;classic&quot;}\">\n\t\t\t\t\t<div class=\"e-con-inner\">\n\t\t\t\t<div class=\"elementor-element elementor-element-4fead42c elementor-widget-divider--view-line elementor-widget elementor-widget-divider\" data-id=\"4fead42c\" data-element_type=\"widget\" data-settings=\"{&quot;ekit_we_effect_on&quot;:&quot;none&quot;}\" data-widget_type=\"divider.default\">\n\t\t\t\t\t\t\t<div class=\"elementor-divider\">\n\t\t\t<span class=\"elementor-divider-separator\">\n\t\t\t\t\t\t<\/span>\n\t\t<\/div>\n\t\t\t\t\t\t<\/div>\n\t\t\t\t\t<\/div>\n\t\t\t\t<\/div>\n\t\t<div class=\"elementor-element elementor-element-30d640f5 e-flex e-con-boxed e-con e-parent\" data-id=\"30d640f5\" data-element_type=\"container\" data-settings=\"{&quot;background_background&quot;:&quot;classic&quot;}\">\n\t\t\t\t\t<div class=\"e-con-inner\">\n\t\t<div class=\"elementor-element elementor-element-454f952a e-con-full e-flex e-con e-child\" data-id=\"454f952a\" data-element_type=\"container\">\n\t\t\t\t<div class=\"elementor-element elementor-element-49129e80 elementor-widget elementor-widget-image\" data-id=\"49129e80\" data-element_type=\"widget\" data-settings=\"{&quot;ekit_we_effect_on&quot;:&quot;none&quot;}\" data-widget_type=\"image.default\">\n\t\t\t\t\t\t\t\t\t\t\t\t\t\t\t\t<a href=\"https:\/\/www.ipsos.com\/it-it\" target=\"_blank\">\n\t\t\t\t\t\t\t<img fetchpriority=\"high\" decoding=\"async\" width=\"250\" height=\"250\" src=\"https:\/\/staging.forumqualenergia.it\/2022\/wp-content\/uploads\/sites\/23\/2025\/09\/ipsos.jpg\" class=\"attachment-medium size-medium wp-image-5636\" alt=\"\" srcset=\"https:\/\/staging.forumqualenergia.it\/2022\/wp-content\/uploads\/sites\/23\/2025\/09\/ipsos.jpg 250w, https:\/\/staging.forumqualenergia.it\/2022\/wp-content\/uploads\/sites\/23\/2025\/09\/ipsos-150x150.jpg 150w\" sizes=\"(max-width: 250px) 100vw, 250px\" \/>\t\t\t\t\t\t\t\t<\/a>\n\t\t\t\t\t\t\t\t\t\t\t\t\t\t\t<\/div>\n\t\t\t\t<\/div>\n\t\t<div class=\"elementor-element elementor-element-7b8c328d e-con-full e-flex e-con e-child\" data-id=\"7b8c328d\" data-element_type=\"container\">\n\t\t\t\t<div class=\"elementor-element elementor-element-1e63048e elementor-widget elementor-widget-exhibz-speaker\" data-id=\"1e63048e\" data-element_type=\"widget\" data-settings=\"{&quot;ekit_we_effect_on&quot;:&quot;none&quot;}\" data-widget_type=\"exhibz-speaker.default\">\n\t\t\t\t<div class=\"elementor-widget-container\">\n\t\t\t\t\t\t\t\t            <div class=\"ts-speaker\" style=\"--speaker-color: #25CD44\">\n                <div class=\"speaker-img\">\n\t\t\t\t\t                        <img decoding=\"async\" src=\"https:\/\/staging.forumqualenergia.it\/2022\/wp-content\/uploads\/sites\/23\/2020\/11\/Andrea-Alemanno.jpeg\"\n                             alt=\"\">\n\t\t\t\t\t                    <a href=\"#popup_1e63048e5743\"\n                       class=\"view-speaker ts-image-popup\" data-effect=\"mfp-zoom-in\">\n                        <i class=\"icon icon-plus\"><\/i>\n                    <\/a>\n                <\/div>\n                <div class=\"ts-speaker-info\">\n                    <h3 class=\"ts-title\">\n                        <a href=\"https:\/\/staging.forumqualenergia.it\/2022\/blog\/speaker\/andrea-alemanno\/\"> Andrea Alemanno <\/a>\n                    <\/h3>\n                    <p>\n\t\t\t\t\t\tResponsabile Ricerche Sostenibilit\u00e0 IPSOS                    <\/p>\n                <\/div>\n                <!--- speaker info end -->\n                <!-- popup start-->\n                <div id=\"popup_1e63048e5743\"\n                     class=\"container ts-speaker-popup mfp-hide\">\n                    <div class=\"row\">\n                        <div class=\"col-lg-6\">\n                            <div class=\"ts-speaker-popup-img\">\n\t\t\t\t\t\t\t\t                                    <img decoding=\"async\" src=\"https:\/\/staging.forumqualenergia.it\/2022\/wp-content\/uploads\/sites\/23\/2020\/11\/Andrea-Alemanno.jpeg\"\n                                         alt=\"\">\n\t\t\t\t\t\t\t\t                            <\/div>\n                        <\/div>\n                        <!-- col end-->\n                        <div class=\"col-lg-6\">\n                            <div class=\"ts-speaker-popup-content\">\n                                <h3 class=\"ts-title\"><a\n                                            href=\"https:\/\/staging.forumqualenergia.it\/2022\/blog\/speaker\/andrea-alemanno\/\"> Andrea Alemanno <\/a>\n                                <\/h3>\n                                <span class=\"speakder-designation\"> Responsabile Ricerche Sostenibilit\u00e0 IPSOS<\/span>\n\t\t\t\t\t\t\t\t                                    <img decoding=\"async\" src=\"\"\n                                         alt=\"\">\n\t\t\t\t\t\t\t\t                                <p>\n\t\t\t\t\t\t\t\t\tCon oltre 20 anni di esperienza nelle ricerche di mercato, Andrea Alemanno, dopo la laurea in economia presso l\u2019Universit\u00e0 Cattolica, ha conseguito il MEC-Master in Economics presso l\u2019Universit\u00e0 Luigi Bocconi di Milano.\u00a0Ha lavorato in Millward Brown, Abacus, TNS (ora Kantar) e Ipsos. Tra le aree di ricerca ci sono primariamente i temi reputazionali a 360 gradi e in particolare quelli legati e alla sostenibilit\u00e0, le ricerche di scenario ed \u00e8 il referente in Ipsos di tutte le ricerche di tipo bancario e finanziario oltre a quelle di Crisis Management.\u00a0Insegna economia e tecnica della comunicazione d\u2019impresa presso l\u2019Universit\u00e0 Bicocca di Milano.\u00a0\u00c8 parte del team internazionale del IGRC \u2013 Ipsos Global Reputation Center.                                <\/p>\n                                <div class=\"ts-speakers-social\">\n\t\t\t\t\t\t\t\t\t\t\t\t\t\t\t\t\t\t\t\t\t\t\t\t\t\t\t\t                                <\/div>\n                            <\/div>\n                            <!-- ts-speaker-popup-content end-->\n                        <\/div>\n                        <!-- col end-->\n                    <\/div>\n                    <!-- row end-->\n                <\/div>\n                <!-- popup end-->\n            <\/div>\n            <!-- ts-speaker end  -->\n\t\t\n\n\t\t\t\n\t\t\t\n\t\t\t\n\n\t\t\t\t\t\t<\/div>\n\t\t\t\t<\/div>\n\t\t\t\t<\/div>\n\t\t<div class=\"elementor-element elementor-element-4c568a2 e-con-full e-flex e-con e-child\" data-id=\"4c568a2\" data-element_type=\"container\">\n\t\t\t\t<div class=\"elementor-element elementor-element-669ec56d elementor-align-left elementor-invisible elementor-widget elementor-widget-button\" data-id=\"669ec56d\" data-element_type=\"widget\" data-settings=\"{&quot;_animation&quot;:&quot;fadeInUp&quot;,&quot;_animation_delay&quot;:450,&quot;ekit_we_effect_on&quot;:&quot;none&quot;}\" data-widget_type=\"button.default\">\n\t\t\t\t\t\t\t\t\t\t<a class=\"elementor-button elementor-button-link elementor-size-md\" href=\"https:\/\/forumqualenergia.it\/2022\/wp-content\/uploads\/2022\/11\/IPSOS_ALEMANNO-Forum-Qualenergia_Report_novembre2022-003.pptx\" target=\"_blank\">\n\t\t\t\t\t\t<span class=\"elementor-button-content-wrapper\">\n\t\t\t\t\t\t\t\t\t<span class=\"elementor-button-text\">Scarica il report<\/span>\n\t\t\t\t\t<\/span>\n\t\t\t\t\t<\/a>\n\t\t\t\t\t\t\t\t<\/div>\n\t\t\t\t<div class=\"elementor-element elementor-element-c2bb73f elementor-widget elementor-widget-text-editor\" data-id=\"c2bb73f\" data-element_type=\"widget\" data-settings=\"{&quot;ekit_we_effect_on&quot;:&quot;none&quot;}\" data-widget_type=\"text-editor.default\">\n\t\t\t\t\t\t\t\t\t<p>Osservatorio gli Italiani e l\u2019Energia. Report Ipsos \u2013 Legambiente \u2013 Nuova Ecologia \u2013 Kyoto Club<\/p>\t\t\t\t\t\t\t\t<\/div>\n\t\t\t\t<\/div>\n\t\t\t\t\t<\/div>\n\t\t\t\t<\/div>\n\t\t<div class=\"elementor-element elementor-element-37cceb48 e-flex e-con-boxed e-con e-parent\" data-id=\"37cceb48\" data-element_type=\"container\" data-settings=\"{&quot;background_background&quot;:&quot;classic&quot;}\">\n\t\t\t\t\t<div class=\"e-con-inner\">\n\t\t\t\t<div class=\"elementor-element elementor-element-79051ea9 elementor-widget-divider--view-line elementor-widget elementor-widget-divider\" data-id=\"79051ea9\" data-element_type=\"widget\" data-settings=\"{&quot;ekit_we_effect_on&quot;:&quot;none&quot;}\" data-widget_type=\"divider.default\">\n\t\t\t\t\t\t\t<div class=\"elementor-divider\">\n\t\t\t<span class=\"elementor-divider-separator\">\n\t\t\t\t\t\t<\/span>\n\t\t<\/div>\n\t\t\t\t\t\t<\/div>\n\t\t\t\t\t<\/div>\n\t\t\t\t<\/div>\n\t\t<div class=\"elementor-element elementor-element-7b392f3a e-flex e-con-boxed e-con e-parent\" data-id=\"7b392f3a\" data-element_type=\"container\" data-settings=\"{&quot;background_background&quot;:&quot;classic&quot;}\">\n\t\t\t\t\t<div class=\"e-con-inner\">\n\t\t<div class=\"elementor-element elementor-element-9a5d692 e-con-full e-flex e-con e-child\" data-id=\"9a5d692\" data-element_type=\"container\">\n\t\t\t\t<div class=\"elementor-element elementor-element-25ab30ed elementor-widget elementor-widget-image\" data-id=\"25ab30ed\" data-element_type=\"widget\" data-settings=\"{&quot;ekit_we_effect_on&quot;:&quot;none&quot;}\" data-widget_type=\"image.default\">\n\t\t\t\t\t\t\t\t\t\t\t\t\t\t\t\t<a href=\"https:\/\/www.consorzioricrea.org\/\" target=\"_blank\">\n\t\t\t\t\t\t\t<img decoding=\"async\" width=\"150\" height=\"44\" src=\"https:\/\/staging.forumqualenergia.it\/2022\/wp-content\/uploads\/sites\/23\/2025\/09\/ricrea.jpg\" class=\"attachment-medium size-medium wp-image-5584\" alt=\"\" \/>\t\t\t\t\t\t\t\t<\/a>\n\t\t\t\t\t\t\t\t\t\t\t\t\t\t\t<\/div>\n\t\t\t\t<\/div>\n\t\t<div class=\"elementor-element elementor-element-b1d42ca e-con-full e-flex e-con e-child\" data-id=\"b1d42ca\" data-element_type=\"container\">\n\t\t\t\t<div class=\"elementor-element elementor-element-466674b elementor-widget elementor-widget-exhibz-speaker\" data-id=\"466674b\" data-element_type=\"widget\" data-settings=\"{&quot;ekit_we_effect_on&quot;:&quot;none&quot;}\" data-widget_type=\"exhibz-speaker.default\">\n\t\t\t\t<div class=\"elementor-widget-container\">\n\t\t\t\t\t\t\t\t            <div class=\"ts-speaker\" style=\"--speaker-color: #25CD44\">\n                <div class=\"speaker-img\">\n\t\t\t\t\t                        <img decoding=\"async\" src=\"https:\/\/staging.forumqualenergia.it\/2022\/wp-content\/uploads\/sites\/23\/2020\/11\/domenico-rinaldini.jpg\"\n                             alt=\"\">\n\t\t\t\t\t                    <a href=\"#popup_466674b5778\"\n                       class=\"view-speaker ts-image-popup\" data-effect=\"mfp-zoom-in\">\n                        <i class=\"icon icon-plus\"><\/i>\n                    <\/a>\n                <\/div>\n                <div class=\"ts-speaker-info\">\n                    <h3 class=\"ts-title\">\n                        <a href=\"https:\/\/staging.forumqualenergia.it\/2022\/blog\/speaker\/domenico-rinaldini\/\"> Domenico Rinaldini <\/a>\n                    <\/h3>\n                    <p>\n\t\t\t\t\t\tPresidente Consorzio Ricrea                    <\/p>\n                <\/div>\n                <!--- speaker info end -->\n                <!-- popup start-->\n                <div id=\"popup_466674b5778\"\n                     class=\"container ts-speaker-popup mfp-hide\">\n                    <div class=\"row\">\n                        <div class=\"col-lg-6\">\n                            <div class=\"ts-speaker-popup-img\">\n\t\t\t\t\t\t\t\t                                    <img decoding=\"async\" src=\"https:\/\/staging.forumqualenergia.it\/2022\/wp-content\/uploads\/sites\/23\/2020\/11\/domenico-rinaldini.jpg\"\n                                         alt=\"\">\n\t\t\t\t\t\t\t\t                            <\/div>\n                        <\/div>\n                        <!-- col end-->\n                        <div class=\"col-lg-6\">\n                            <div class=\"ts-speaker-popup-content\">\n                                <h3 class=\"ts-title\"><a\n                                            href=\"https:\/\/staging.forumqualenergia.it\/2022\/blog\/speaker\/domenico-rinaldini\/\"> Domenico Rinaldini <\/a>\n                                <\/h3>\n                                <span class=\"speakder-designation\"> Presidente Consorzio Ricrea<\/span>\n\t\t\t\t\t\t\t\t                                    <img decoding=\"async\" src=\"\"\n                                         alt=\"\">\n\t\t\t\t\t\t\t\t                                <p>\n\t\t\t\t\t\t\t\t\t                                <\/p>\n                                <div class=\"ts-speakers-social\">\n\t\t\t\t\t\t\t\t\t\t\t\t\t\t\t\t\t\t\t\t\t\t\t\t\t\t\t\t                                <\/div>\n                            <\/div>\n                            <!-- ts-speaker-popup-content end-->\n                        <\/div>\n                        <!-- col end-->\n                    <\/div>\n                    <!-- row end-->\n                <\/div>\n                <!-- popup end-->\n            <\/div>\n            <!-- ts-speaker end  -->\n\t\t\n\n\t\t\t\n\t\t\t\n\t\t\t\n\n\t\t\t\t\t\t<\/div>\n\t\t\t\t<\/div>\n\t\t\t\t<\/div>\n\t\t<div class=\"elementor-element elementor-element-15e78d20 e-con-full e-flex e-con e-child\" data-id=\"15e78d20\" data-element_type=\"container\">\n\t\t\t\t<div class=\"elementor-element elementor-element-60480225 elementor-align-left elementor-invisible elementor-widget elementor-widget-button\" data-id=\"60480225\" data-element_type=\"widget\" data-settings=\"{&quot;_animation&quot;:&quot;fadeInUp&quot;,&quot;_animation_delay&quot;:450,&quot;ekit_we_effect_on&quot;:&quot;none&quot;}\" data-widget_type=\"button.default\">\n\t\t\t\t\t\t\t\t\t\t<a class=\"elementor-button elementor-button-link elementor-size-md\" href=\"https:\/\/forumqualenergia.it\/2022\/wp-content\/uploads\/2022\/12\/DOMENICO-RINALDINI-29-NOVEMBRE-RICREA_QUALENERGIA.pptx\" target=\"_blank\">\n\t\t\t\t\t\t<span class=\"elementor-button-content-wrapper\">\n\t\t\t\t\t\t\t\t\t<span class=\"elementor-button-text\">Guarda le slide<\/span>\n\t\t\t\t\t<\/span>\n\t\t\t\t\t<\/a>\n\t\t\t\t\t\t\t\t<\/div>\n\t\t\t\t<div class=\"elementor-element elementor-element-1709988c elementor-widget elementor-widget-text-editor\" data-id=\"1709988c\" data-element_type=\"widget\" data-settings=\"{&quot;ekit_we_effect_on&quot;:&quot;none&quot;}\" data-widget_type=\"text-editor.default\">\n\t\t\t\t\t\t\t\t\t<p>Imballaggi d\u2019acciaio: sostenibilit\u00e0 ed economia circolare<\/p>\t\t\t\t\t\t\t\t<\/div>\n\t\t\t\t<\/div>\n\t\t\t\t\t<\/div>\n\t\t\t\t<\/div>\n\t\t<div class=\"elementor-element elementor-element-430097bc e-flex e-con-boxed e-con e-parent\" data-id=\"430097bc\" data-element_type=\"container\" data-settings=\"{&quot;background_background&quot;:&quot;classic&quot;}\">\n\t\t\t\t\t<div class=\"e-con-inner\">\n\t\t\t\t<div class=\"elementor-element elementor-element-5e90df1c elementor-widget-divider--view-line elementor-widget elementor-widget-divider\" data-id=\"5e90df1c\" data-element_type=\"widget\" data-settings=\"{&quot;ekit_we_effect_on&quot;:&quot;none&quot;}\" data-widget_type=\"divider.default\">\n\t\t\t\t\t\t\t<div class=\"elementor-divider\">\n\t\t\t<span class=\"elementor-divider-separator\">\n\t\t\t\t\t\t<\/span>\n\t\t<\/div>\n\t\t\t\t\t\t<\/div>\n\t\t\t\t\t<\/div>\n\t\t\t\t<\/div>\n\t\t<div class=\"elementor-element elementor-element-7a3979d6 e-flex e-con-boxed e-con e-parent\" data-id=\"7a3979d6\" data-element_type=\"container\" data-settings=\"{&quot;background_background&quot;:&quot;classic&quot;}\">\n\t\t\t\t\t<div class=\"e-con-inner\">\n\t\t<div class=\"elementor-element elementor-element-598eeb95 e-con-full e-flex e-con e-child\" data-id=\"598eeb95\" data-element_type=\"container\">\n\t\t\t\t<div class=\"elementor-element elementor-element-36ba37c4 elementor-widget elementor-widget-image\" data-id=\"36ba37c4\" data-element_type=\"widget\" data-settings=\"{&quot;ekit_we_effect_on&quot;:&quot;none&quot;}\" data-widget_type=\"image.default\">\n\t\t\t\t\t\t\t\t\t\t\t\t\t\t\t\t<a href=\"https:\/\/www.carel.it\/\" target=\"_blank\">\n\t\t\t\t\t\t\t<img loading=\"lazy\" decoding=\"async\" width=\"250\" height=\"144\" src=\"https:\/\/staging.forumqualenergia.it\/2022\/wp-content\/uploads\/sites\/23\/2022\/11\/Carel-TESTIMONIAL-e1670318068927.png\" class=\"attachment-medium size-medium wp-image-4115\" alt=\"\" \/>\t\t\t\t\t\t\t\t<\/a>\n\t\t\t\t\t\t\t\t\t\t\t\t\t\t\t<\/div>\n\t\t\t\t<\/div>\n\t\t<div class=\"elementor-element elementor-element-7052736b e-con-full e-flex e-con e-child\" data-id=\"7052736b\" data-element_type=\"container\">\n\t\t\t\t<div class=\"elementor-element elementor-element-1b5884f7 elementor-widget elementor-widget-exhibz-speaker\" data-id=\"1b5884f7\" data-element_type=\"widget\" data-settings=\"{&quot;ekit_we_effect_on&quot;:&quot;none&quot;}\" data-widget_type=\"exhibz-speaker.default\">\n\t\t\t\t<div class=\"elementor-widget-container\">\n\t\t\t\t\t\t\t\t            <div class=\"ts-speaker\" style=\"--speaker-color: #25CD44\">\n                <div class=\"speaker-img\">\n\t\t\t\t\t                        <img decoding=\"async\" src=\"https:\/\/staging.forumqualenergia.it\/2022\/wp-content\/uploads\/sites\/23\/2022\/11\/lamanna.jpg\"\n                             alt=\"\">\n\t\t\t\t\t                    <a href=\"#popup_1b5884f75767\"\n                       class=\"view-speaker ts-image-popup\" data-effect=\"mfp-zoom-in\">\n                        <i class=\"icon icon-plus\"><\/i>\n                    <\/a>\n                <\/div>\n                <div class=\"ts-speaker-info\">\n                    <h3 class=\"ts-title\">\n                        <a href=\"https:\/\/staging.forumqualenergia.it\/2022\/blog\/speaker\/biagio-lamanna\/\"> Biagio Lamanna <\/a>\n                    <\/h3>\n                    <p>\n\t\t\t\t\t\tKnowledge Center Manager Carel Industries                    <\/p>\n                <\/div>\n                <!--- speaker info end -->\n                <!-- popup start-->\n                <div id=\"popup_1b5884f75767\"\n                     class=\"container ts-speaker-popup mfp-hide\">\n                    <div class=\"row\">\n                        <div class=\"col-lg-6\">\n                            <div class=\"ts-speaker-popup-img\">\n\t\t\t\t\t\t\t\t                                    <img decoding=\"async\" src=\"https:\/\/staging.forumqualenergia.it\/2022\/wp-content\/uploads\/sites\/23\/2022\/11\/lamanna.jpg\"\n                                         alt=\"\">\n\t\t\t\t\t\t\t\t                            <\/div>\n                        <\/div>\n                        <!-- col end-->\n                        <div class=\"col-lg-6\">\n                            <div class=\"ts-speaker-popup-content\">\n                                <h3 class=\"ts-title\"><a\n                                            href=\"https:\/\/staging.forumqualenergia.it\/2022\/blog\/speaker\/biagio-lamanna\/\"> Biagio Lamanna <\/a>\n                                <\/h3>\n                                <span class=\"speakder-designation\"> Knowledge Center Manager Carel Industries<\/span>\n\t\t\t\t\t\t\t\t                                    <img decoding=\"async\" src=\"\"\n                                         alt=\"\">\n\t\t\t\t\t\t\t\t                                <p>\n\t\t\t\t\t\t\t\t\tBiagio Lamanna si \u00e8 laureato in Ingegneria Chimica presso l\u2019Universit\u00e0 degli Studi di Padova nel 1998, dedicando gran parte dei suoi studi alla termodinamica e alle sue applicazioni. Dall\u2019aprile 2000 lavora in CAREL, concentrando la sua attivit\u00e0 nel mercato e nelle tecnologie HVAC&amp;R, prima come Ingegnere di Laboratorio, poi come Responsabile del centro di competenza applicativi HVAC&amp;R, parte del processo R&amp;D di CAREL. Ora dirige l\u2019HVAC&amp;R Knowledge Center, un programma dedicato che mira ad accrescere le competenze del Gruppo CAREL attraverso progetti di ricerca di laboratorio, programmi di formazione e attivit\u00e0 di lobby tra le associazioni pi\u00f9 influenti a livello mondiale.\r\n\r\n<a href=\"https:\/\/www.carel.com\/blogger?bloggerUserId=596766\">Tratto dal sito Carel<\/a>                                <\/p>\n                                <div class=\"ts-speakers-social\">\n\t\t\t\t\t\t\t\t\t\t\t\t\t\t\t\t\t\t\t\t\t\t\t\t\t\t\t\t                                <\/div>\n                            <\/div>\n                            <!-- ts-speaker-popup-content end-->\n                        <\/div>\n                        <!-- col end-->\n                    <\/div>\n                    <!-- row end-->\n                <\/div>\n                <!-- popup end-->\n            <\/div>\n            <!-- ts-speaker end  -->\n\t\t\n\n\t\t\t\n\t\t\t\n\t\t\t\n\n\t\t\t\t\t\t<\/div>\n\t\t\t\t<\/div>\n\t\t\t\t<\/div>\n\t\t<div class=\"elementor-element elementor-element-76623bbb e-con-full e-flex e-con e-child\" data-id=\"76623bbb\" data-element_type=\"container\">\n\t\t\t\t<div class=\"elementor-element elementor-element-3968b33d elementor-align-left elementor-invisible elementor-widget elementor-widget-button\" data-id=\"3968b33d\" data-element_type=\"widget\" data-settings=\"{&quot;_animation&quot;:&quot;fadeInUp&quot;,&quot;_animation_delay&quot;:450,&quot;ekit_we_effect_on&quot;:&quot;none&quot;}\" data-widget_type=\"button.default\">\n\t\t\t\t\t\t\t\t\t\t<a class=\"elementor-button elementor-button-link elementor-size-md\" href=\"https:\/\/forumqualenergia.it\/2022\/wp-content\/uploads\/2022\/12\/DEFINITIVO-LAMANNA-.pdf\" target=\"_blank\">\n\t\t\t\t\t\t<span class=\"elementor-button-content-wrapper\">\n\t\t\t\t\t\t\t\t\t<span class=\"elementor-button-text\">Scarica le slide<\/span>\n\t\t\t\t\t<\/span>\n\t\t\t\t\t<\/a>\n\t\t\t\t\t\t\t\t<\/div>\n\t\t\t\t<div class=\"elementor-element elementor-element-380ef3bb elementor-widget elementor-widget-text-editor\" data-id=\"380ef3bb\" data-element_type=\"widget\" data-settings=\"{&quot;ekit_we_effect_on&quot;:&quot;none&quot;}\" data-widget_type=\"text-editor.default\">\n\t\t\t\t\t\t\t\t\t<p>Testimonianza dal mondo dell\u2019industria<\/p>\t\t\t\t\t\t\t\t<\/div>\n\t\t\t\t<\/div>\n\t\t\t\t\t<\/div>\n\t\t\t\t<\/div>\n\t\t<div class=\"elementor-element elementor-element-50b41dc e-flex e-con-boxed e-con e-parent\" data-id=\"50b41dc\" data-element_type=\"container\" data-settings=\"{&quot;background_background&quot;:&quot;classic&quot;}\">\n\t\t\t\t\t<div class=\"e-con-inner\">\n\t\t\t\t<div class=\"elementor-element elementor-element-6ae38bb elementor-widget-divider--view-line elementor-widget elementor-widget-divider\" data-id=\"6ae38bb\" data-element_type=\"widget\" data-settings=\"{&quot;ekit_we_effect_on&quot;:&quot;none&quot;}\" data-widget_type=\"divider.default\">\n\t\t\t\t\t\t\t<div class=\"elementor-divider\">\n\t\t\t<span class=\"elementor-divider-separator\">\n\t\t\t\t\t\t<\/span>\n\t\t<\/div>\n\t\t\t\t\t\t<\/div>\n\t\t\t\t\t<\/div>\n\t\t\t\t<\/div>\n\t\t<div class=\"elementor-element elementor-element-28c4eecb e-flex e-con-boxed e-con e-parent\" data-id=\"28c4eecb\" data-element_type=\"container\" data-settings=\"{&quot;background_background&quot;:&quot;classic&quot;}\">\n\t\t\t\t\t<div class=\"e-con-inner\">\n\t\t<div class=\"elementor-element elementor-element-106fe8ac e-con-full e-flex e-con e-child\" data-id=\"106fe8ac\" data-element_type=\"container\">\n\t\t\t\t<div class=\"elementor-element elementor-element-76d80042 elementor-widget elementor-widget-image\" data-id=\"76d80042\" data-element_type=\"widget\" data-settings=\"{&quot;ekit_we_effect_on&quot;:&quot;none&quot;}\" data-widget_type=\"image.default\">\n\t\t\t\t\t\t\t\t\t\t\t\t\t\t\t\t<a href=\"https:\/\/italia.cleanwatts.energy\/\" target=\"_blank\">\n\t\t\t\t\t\t\t<img loading=\"lazy\" decoding=\"async\" width=\"250\" height=\"250\" src=\"https:\/\/staging.forumqualenergia.it\/2022\/wp-content\/uploads\/sites\/23\/2022\/12\/Cleanwatts-TESTIMONIAL.png\" class=\"attachment-medium size-medium wp-image-5152\" alt=\"\" srcset=\"https:\/\/staging.forumqualenergia.it\/2022\/wp-content\/uploads\/sites\/23\/2022\/12\/Cleanwatts-TESTIMONIAL.png 250w, https:\/\/staging.forumqualenergia.it\/2022\/wp-content\/uploads\/sites\/23\/2022\/12\/Cleanwatts-TESTIMONIAL-150x150.png 150w, https:\/\/staging.forumqualenergia.it\/2022\/wp-content\/uploads\/sites\/23\/2022\/12\/Cleanwatts-TESTIMONIAL-144x144.png 144w\" sizes=\"(max-width: 250px) 100vw, 250px\" \/>\t\t\t\t\t\t\t\t<\/a>\n\t\t\t\t\t\t\t\t\t\t\t\t\t\t\t<\/div>\n\t\t\t\t<\/div>\n\t\t<div class=\"elementor-element elementor-element-6fdae713 e-con-full e-flex e-con e-child\" data-id=\"6fdae713\" data-element_type=\"container\">\n\t\t\t\t<div class=\"elementor-element elementor-element-5156d88b elementor-widget elementor-widget-exhibz-speaker\" data-id=\"5156d88b\" data-element_type=\"widget\" data-settings=\"{&quot;ekit_we_effect_on&quot;:&quot;none&quot;}\" data-widget_type=\"exhibz-speaker.default\">\n\t\t\t\t<div class=\"elementor-widget-container\">\n\t\t\t\t\t\t\t\t            <div class=\"ts-speaker\" style=\"--speaker-color: #25CD44\">\n                <div class=\"speaker-img\">\n\t\t\t\t\t                        <img decoding=\"async\" src=\"https:\/\/staging.forumqualenergia.it\/2022\/wp-content\/uploads\/sites\/23\/2022\/11\/Letizia-Pittiglio-300x300-1.png\"\n                             alt=\"Letizia Pittiglio 300x300\">\n\t\t\t\t\t                    <a href=\"#popup_5156d88b5734\"\n                       class=\"view-speaker ts-image-popup\" data-effect=\"mfp-zoom-in\">\n                        <i class=\"icon icon-plus\"><\/i>\n                    <\/a>\n                <\/div>\n                <div class=\"ts-speaker-info\">\n                    <h3 class=\"ts-title\">\n                        <a href=\"https:\/\/staging.forumqualenergia.it\/2022\/blog\/speaker\/letizia-pittiglio\/\"> Letizia Pittiglio <\/a>\n                    <\/h3>\n                    <p>\n\t\t\t\t\t\tMarket and Sales Analyst Cleanwatts                    <\/p>\n                <\/div>\n                <!--- speaker info end -->\n                <!-- popup start-->\n                <div id=\"popup_5156d88b5734\"\n                     class=\"container ts-speaker-popup mfp-hide\">\n                    <div class=\"row\">\n                        <div class=\"col-lg-6\">\n                            <div class=\"ts-speaker-popup-img\">\n\t\t\t\t\t\t\t\t                                    <img decoding=\"async\" src=\"https:\/\/staging.forumqualenergia.it\/2022\/wp-content\/uploads\/sites\/23\/2022\/11\/Letizia-Pittiglio-300x300-1.png\"\n                                         alt=\"Letizia Pittiglio 300x300\">\n\t\t\t\t\t\t\t\t                            <\/div>\n                        <\/div>\n                        <!-- col end-->\n                        <div class=\"col-lg-6\">\n                            <div class=\"ts-speaker-popup-content\">\n                                <h3 class=\"ts-title\"><a\n                                            href=\"https:\/\/staging.forumqualenergia.it\/2022\/blog\/speaker\/letizia-pittiglio\/\"> Letizia Pittiglio <\/a>\n                                <\/h3>\n                                <span class=\"speakder-designation\"> Market and Sales Analyst Cleanwatts<\/span>\n\t\t\t\t\t\t\t\t                                    <img decoding=\"async\" src=\"\"\n                                         alt=\"\">\n\t\t\t\t\t\t\t\t                                <p>\n\t\t\t\t\t\t\t\t\t<span>Nata nel 1992, dopo la laurea in\u202f<\/span><i><span>European Economy and Business Law<\/span><\/i><span>\u202fpresso l\u2019Universit\u00e0 di Roma \u201cTor Vergata\u201d inizia il suo percorso professionale nel\u202f<\/span><i><span>Trade Council<\/span><\/i><span>\u202fdell\u2019Ambasciata di Danimarca a Roma, offrendo servizi di consulenza ad aziende del settore Cleantech.<\/span><span>\u00a0<\/span>\r\n\r\n<span>Esperta nella gestione di dati in contesti istituzionali e privati tra i quali Confederazione Italiana Agricoltori (CIA), Agenzia Europea per l\u2019Asilo presso il Dipartimento Libert\u00e0 Civili ed Immigrazione del Ministero dell\u2019Interno e Bulgari.<\/span><span>\u00a0<\/span>\r\n\r\n<span>Nel settembre del 2022 approda in Cleanwatts Digital S.A., la climate-tech portoghese leader nel settore della transizione energetica e dei software per la gestione di comunit\u00e0 di energia rinnovabile.<\/span>                                <\/p>\n                                <div class=\"ts-speakers-social\">\n\t\t\t\t\t\t\t\t\t\t\t\t\t\t\t\t\t\t\t\t\t\t\t\t\t\t\t\t                                <\/div>\n                            <\/div>\n                            <!-- ts-speaker-popup-content end-->\n                        <\/div>\n                        <!-- col end-->\n                    <\/div>\n                    <!-- row end-->\n                <\/div>\n                <!-- popup end-->\n            <\/div>\n            <!-- ts-speaker end  -->\n\t\t\n\n\t\t\t\n\t\t\t\n\t\t\t\n\n\t\t\t\t\t\t<\/div>\n\t\t\t\t<\/div>\n\t\t\t\t<\/div>\n\t\t<div class=\"elementor-element elementor-element-32a18481 e-con-full e-flex e-con e-child\" data-id=\"32a18481\" data-element_type=\"container\">\n\t\t\t\t<div class=\"elementor-element elementor-element-5e0c6e17 elementor-align-left elementor-invisible elementor-widget elementor-widget-button\" data-id=\"5e0c6e17\" data-element_type=\"widget\" data-settings=\"{&quot;_animation&quot;:&quot;fadeInUp&quot;,&quot;_animation_delay&quot;:450,&quot;ekit_we_effect_on&quot;:&quot;none&quot;}\" data-widget_type=\"button.default\">\n\t\t\t\t\t\t\t\t\t\t<a class=\"elementor-button elementor-button-link elementor-size-md\" href=\"https:\/\/forumqualenergia.it\/2022\/wp-content\/uploads\/2022\/11\/LETIZIA-GERMANA-PITTIGLIO-29-NOVEMBRE.pdf\" target=\"_blank\">\n\t\t\t\t\t\t<span class=\"elementor-button-content-wrapper\">\n\t\t\t\t\t\t\t\t\t<span class=\"elementor-button-text\">Consulta le slide<\/span>\n\t\t\t\t\t<\/span>\n\t\t\t\t\t<\/a>\n\t\t\t\t\t\t\t\t<\/div>\n\t\t\t\t<div class=\"elementor-element elementor-element-ae8e906 elementor-widget elementor-widget-text-editor\" data-id=\"ae8e906\" data-element_type=\"widget\" data-settings=\"{&quot;ekit_we_effect_on&quot;:&quot;none&quot;}\" data-widget_type=\"text-editor.default\">\n\t\t\t\t\t\t\t\t\t<p>Abilitare le Comunit\u00e0 Locali alla Transizione Energetica<\/p>\t\t\t\t\t\t\t\t<\/div>\n\t\t\t\t<\/div>\n\t\t\t\t\t<\/div>\n\t\t\t\t<\/div>\n\t\t<div class=\"elementor-element elementor-element-3feb82c1 e-flex e-con-boxed e-con e-parent\" data-id=\"3feb82c1\" data-element_type=\"container\" data-settings=\"{&quot;background_background&quot;:&quot;classic&quot;}\">\n\t\t\t\t\t<div class=\"e-con-inner\">\n\t\t\t\t<div class=\"elementor-element elementor-element-456d711a elementor-widget-divider--view-line elementor-widget elementor-widget-divider\" data-id=\"456d711a\" data-element_type=\"widget\" data-settings=\"{&quot;ekit_we_effect_on&quot;:&quot;none&quot;}\" data-widget_type=\"divider.default\">\n\t\t\t\t\t\t\t<div class=\"elementor-divider\">\n\t\t\t<span class=\"elementor-divider-separator\">\n\t\t\t\t\t\t<\/span>\n\t\t<\/div>\n\t\t\t\t\t\t<\/div>\n\t\t\t\t\t<\/div>\n\t\t\t\t<\/div>\n\t\t<div class=\"elementor-element elementor-element-d95f6a8 e-flex e-con-boxed e-con e-parent\" data-id=\"d95f6a8\" data-element_type=\"container\" data-settings=\"{&quot;background_background&quot;:&quot;classic&quot;}\">\n\t\t\t\t\t<div class=\"e-con-inner\">\n\t\t<div class=\"elementor-element elementor-element-4064d e-con-full e-flex e-con e-child\" data-id=\"4064d\" data-element_type=\"container\">\n\t\t\t\t<div class=\"elementor-element elementor-element-b1c312b elementor-widget elementor-widget-image\" data-id=\"b1c312b\" data-element_type=\"widget\" data-settings=\"{&quot;ekit_we_effect_on&quot;:&quot;none&quot;}\" data-widget_type=\"image.default\">\n\t\t\t\t\t\t\t\t\t\t\t\t\t\t\t\t<a href=\"https:\/\/forumqualenergia.it\/2022\/wp-content\/uploads\/sites\/23\/2020\/11\/Rockwool250x250.jpg\" target=\"_blank\">\n\t\t\t\t\t\t\t<img loading=\"lazy\" decoding=\"async\" width=\"250\" height=\"250\" src=\"https:\/\/staging.forumqualenergia.it\/2022\/wp-content\/uploads\/sites\/23\/2020\/11\/Rockwool250x250.jpg\" class=\"attachment-medium size-medium wp-image-1228\" alt=\"\" srcset=\"https:\/\/staging.forumqualenergia.it\/2022\/wp-content\/uploads\/sites\/23\/2020\/11\/Rockwool250x250.jpg 250w, https:\/\/staging.forumqualenergia.it\/2022\/wp-content\/uploads\/sites\/23\/2020\/11\/Rockwool250x250-150x150.jpg 150w, https:\/\/staging.forumqualenergia.it\/2022\/wp-content\/uploads\/sites\/23\/2020\/11\/Rockwool250x250-144x144.jpg 144w\" sizes=\"(max-width: 250px) 100vw, 250px\" \/>\t\t\t\t\t\t\t\t<\/a>\n\t\t\t\t\t\t\t\t\t\t\t\t\t\t\t<\/div>\n\t\t\t\t<\/div>\n\t\t<div class=\"elementor-element elementor-element-62c2b0e7 e-con-full e-flex e-con e-child\" data-id=\"62c2b0e7\" data-element_type=\"container\">\n\t\t\t\t<div class=\"elementor-element elementor-element-73aa7cda elementor-widget elementor-widget-exhibz-speaker\" data-id=\"73aa7cda\" data-element_type=\"widget\" data-settings=\"{&quot;ekit_we_effect_on&quot;:&quot;none&quot;}\" data-widget_type=\"exhibz-speaker.default\">\n\t\t\t\t<div class=\"elementor-widget-container\">\n\t\t\t\t\t\t\t\t            <div class=\"ts-speaker\" style=\"--speaker-color: #25CD44\">\n                <div class=\"speaker-img\">\n\t\t\t\t\t                        <img decoding=\"async\" src=\"https:\/\/staging.forumqualenergia.it\/2022\/wp-content\/uploads\/sites\/23\/2022\/11\/Paolo-Migliavacca-300x300-1.png\"\n                             alt=\"Paolo Migliavacca 300x300\">\n\t\t\t\t\t                    <a href=\"#popup_73aa7cda5783\"\n                       class=\"view-speaker ts-image-popup\" data-effect=\"mfp-zoom-in\">\n                        <i class=\"icon icon-plus\"><\/i>\n                    <\/a>\n                <\/div>\n                <div class=\"ts-speaker-info\">\n                    <h3 class=\"ts-title\">\n                        <a href=\"https:\/\/staging.forumqualenergia.it\/2022\/blog\/speaker\/paolo-migliavacca\/\"> Paolo Migliavacca <\/a>\n                    <\/h3>\n                    <p>\n\t\t\t\t\t\tBusiness Director Rockwool Italia                    <\/p>\n                <\/div>\n                <!--- speaker info end -->\n                <!-- popup start-->\n                <div id=\"popup_73aa7cda5783\"\n                     class=\"container ts-speaker-popup mfp-hide\">\n                    <div class=\"row\">\n                        <div class=\"col-lg-6\">\n                            <div class=\"ts-speaker-popup-img\">\n\t\t\t\t\t\t\t\t                                    <img decoding=\"async\" src=\"https:\/\/staging.forumqualenergia.it\/2022\/wp-content\/uploads\/sites\/23\/2022\/11\/Paolo-Migliavacca-300x300-1.png\"\n                                         alt=\"Paolo Migliavacca 300x300\">\n\t\t\t\t\t\t\t\t                            <\/div>\n                        <\/div>\n                        <!-- col end-->\n                        <div class=\"col-lg-6\">\n                            <div class=\"ts-speaker-popup-content\">\n                                <h3 class=\"ts-title\"><a\n                                            href=\"https:\/\/staging.forumqualenergia.it\/2022\/blog\/speaker\/paolo-migliavacca\/\"> Paolo Migliavacca <\/a>\n                                <\/h3>\n                                <span class=\"speakder-designation\"> Business Director Rockwool Italia<\/span>\n\t\t\t\t\t\t\t\t                                    <img decoding=\"async\" src=\"\"\n                                         alt=\"\">\n\t\t\t\t\t\t\t\t                                <p>\n\t\t\t\t\t\t\t\t\t<span>Nato e cresciuto a Milano, Paolo Migliavacca si laurea al Politecnico in Ingegneria Gestionale nel 2004, anno in cui inizia anche la sua carriera in ROCKWOOL Italia.<\/span><span>\u00a0<\/span>\r\n\r\n<span>All\u2019interno della societ\u00e0 ri<\/span><span>veste<\/span><span>\u202fnegli anni diversi incarichi\u202f<\/span><span>di crescente responsabilit\u00e0\u202f<\/span><span>sia nell\u2019area Marketing\u202f<\/span><span>sia in ambito<\/span><span>\u202fCommerciale<\/span><span>, maturando una solida esperienza nello sviluppo del business.<\/span><span>\u00a0<\/span>\r\n\r\n<span>Oggi\u202f<\/span><span>ricopre il ruolo di Business Unit Director\u202f<\/span><span>per l\u2019<\/span><span>Italia e\u202f<\/span><span>i\u202f<\/span><span>paesi della regione Est Adriatic.<\/span>                                <\/p>\n                                <div class=\"ts-speakers-social\">\n\t\t\t\t\t\t\t\t\t\t\t\t\t\t\t\t\t\t\t\t\t\t\t\t\t\t\t\t                                <\/div>\n                            <\/div>\n                            <!-- ts-speaker-popup-content end-->\n                        <\/div>\n                        <!-- col end-->\n                    <\/div>\n                    <!-- row end-->\n                <\/div>\n                <!-- popup end-->\n            <\/div>\n            <!-- ts-speaker end  -->\n\t\t\n\n\t\t\t\n\t\t\t\n\t\t\t\n\n\t\t\t\t\t\t<\/div>\n\t\t\t\t<\/div>\n\t\t\t\t<\/div>\n\t\t<div class=\"elementor-element elementor-element-acf3d54 e-con-full e-flex e-con e-child\" data-id=\"acf3d54\" data-element_type=\"container\">\n\t\t\t\t<div class=\"elementor-element elementor-element-dacac51 elementor-align-left elementor-invisible elementor-widget elementor-widget-button\" data-id=\"dacac51\" data-element_type=\"widget\" data-settings=\"{&quot;_animation&quot;:&quot;fadeInUp&quot;,&quot;_animation_delay&quot;:450,&quot;ekit_we_effect_on&quot;:&quot;none&quot;}\" data-widget_type=\"button.default\">\n\t\t\t\t\t\t\t\t\t\t<a class=\"elementor-button elementor-button-link elementor-size-md\" href=\"https:\/\/eco-forum.it\/wp-content\/uploads\/2024\/07\/Marco-Volpi_ECOFORUM-2024-1.pdf\" target=\"_blank\">\n\t\t\t\t\t\t<span class=\"elementor-button-content-wrapper\">\n\t\t\t\t\t\t\t\t\t<span class=\"elementor-button-text\">Scarica le slide<\/span>\n\t\t\t\t\t<\/span>\n\t\t\t\t\t<\/a>\n\t\t\t\t\t\t\t\t<\/div>\n\t\t\t\t<div class=\"elementor-element elementor-element-5439eb1b elementor-widget elementor-widget-text-editor\" data-id=\"5439eb1b\" data-element_type=\"widget\" data-settings=\"{&quot;ekit_we_effect_on&quot;:&quot;none&quot;}\" data-widget_type=\"text-editor.default\">\n\t\t\t\t\t\t\t\t\t<p>Rockwool: rigenerazione urbana ed edilizia sostenibile<\/p>\t\t\t\t\t\t\t\t<\/div>\n\t\t\t\t<\/div>\n\t\t\t\t\t<\/div>\n\t\t\t\t<\/div>\n\t\t<div class=\"elementor-element elementor-element-7410e2ab e-flex e-con-boxed e-con e-parent\" data-id=\"7410e2ab\" data-element_type=\"container\" data-settings=\"{&quot;background_background&quot;:&quot;classic&quot;}\">\n\t\t\t\t\t<div class=\"e-con-inner\">\n\t\t\t\t<div class=\"elementor-element elementor-element-73267533 elementor-widget-divider--view-line elementor-widget elementor-widget-divider\" data-id=\"73267533\" data-element_type=\"widget\" data-settings=\"{&quot;ekit_we_effect_on&quot;:&quot;none&quot;}\" data-widget_type=\"divider.default\">\n\t\t\t\t\t\t\t<div class=\"elementor-divider\">\n\t\t\t<span class=\"elementor-divider-separator\">\n\t\t\t\t\t\t<\/span>\n\t\t<\/div>\n\t\t\t\t\t\t<\/div>\n\t\t\t\t\t<\/div>\n\t\t\t\t<\/div>\n\t\t<div class=\"elementor-element elementor-element-177843d9 e-flex e-con-boxed e-con e-parent\" data-id=\"177843d9\" data-element_type=\"container\" data-settings=\"{&quot;background_background&quot;:&quot;classic&quot;}\">\n\t\t\t\t\t<div class=\"e-con-inner\">\n\t\t<div class=\"elementor-element elementor-element-1f8f389e e-con-full e-flex e-con e-child\" data-id=\"1f8f389e\" data-element_type=\"container\">\n\t\t\t\t<div class=\"elementor-element elementor-element-79d307b6 elementor-widget elementor-widget-image\" data-id=\"79d307b6\" data-element_type=\"widget\" data-settings=\"{&quot;ekit_we_effect_on&quot;:&quot;none&quot;}\" data-widget_type=\"image.default\">\n\t\t\t\t\t\t\t\t\t\t\t\t\t\t\t\t<a href=\"https:\/\/www.anima.it\/associazioni\/elenco\/assofoodtec\/chi-siamo\/assocold\/assocold.kl\" target=\"_blank\">\n\t\t\t\t\t\t\t<img loading=\"lazy\" decoding=\"async\" width=\"250\" height=\"250\" src=\"https:\/\/staging.forumqualenergia.it\/2022\/wp-content\/uploads\/sites\/23\/2022\/10\/Assocold-TESTIMONIAL.png\" class=\"attachment-medium size-medium wp-image-4077\" alt=\"Assocold\" srcset=\"https:\/\/staging.forumqualenergia.it\/2022\/wp-content\/uploads\/sites\/23\/2022\/10\/Assocold-TESTIMONIAL.png 250w, https:\/\/staging.forumqualenergia.it\/2022\/wp-content\/uploads\/sites\/23\/2022\/10\/Assocold-TESTIMONIAL-150x150.png 150w, https:\/\/staging.forumqualenergia.it\/2022\/wp-content\/uploads\/sites\/23\/2022\/10\/Assocold-TESTIMONIAL-144x144.png 144w\" sizes=\"(max-width: 250px) 100vw, 250px\" \/>\t\t\t\t\t\t\t\t<\/a>\n\t\t\t\t\t\t\t\t\t\t\t\t\t\t\t<\/div>\n\t\t\t\t<\/div>\n\t\t<div class=\"elementor-element elementor-element-745bfb52 e-con-full e-flex e-con e-child\" data-id=\"745bfb52\" data-element_type=\"container\">\n\t\t\t\t<div class=\"elementor-element elementor-element-1488f131 elementor-widget elementor-widget-exhibz-speaker\" data-id=\"1488f131\" data-element_type=\"widget\" data-settings=\"{&quot;ekit_we_effect_on&quot;:&quot;none&quot;}\" data-widget_type=\"exhibz-speaker.default\">\n\t\t\t\t<div class=\"elementor-widget-container\">\n\t\t\t\t\t\t\t\t            <div class=\"ts-speaker\" style=\"--speaker-color: #25CD44\">\n                <div class=\"speaker-img\">\n\t\t\t\t\t                        <img decoding=\"async\" src=\"https:\/\/staging.forumqualenergia.it\/2022\/wp-content\/uploads\/sites\/23\/2021\/11\/Foto-Mastrapasqua.jpg\"\n                             alt=\"\">\n\t\t\t\t\t                    <a href=\"#popup_1488f1315763\"\n                       class=\"view-speaker ts-image-popup\" data-effect=\"mfp-zoom-in\">\n                        <i class=\"icon icon-plus\"><\/i>\n                    <\/a>\n                <\/div>\n                <div class=\"ts-speaker-info\">\n                    <h3 class=\"ts-title\">\n                        <a href=\"https:\/\/staging.forumqualenergia.it\/2022\/blog\/speaker\/francesco-mastrapasqua\/\"> Francesco Mastrapasqua <\/a>\n                    <\/h3>\n                    <p>\n\t\t\t\t\t\tPresidente Assocold                    <\/p>\n                <\/div>\n                <!--- speaker info end -->\n                <!-- popup start-->\n                <div id=\"popup_1488f1315763\"\n                     class=\"container ts-speaker-popup mfp-hide\">\n                    <div class=\"row\">\n                        <div class=\"col-lg-6\">\n                            <div class=\"ts-speaker-popup-img\">\n\t\t\t\t\t\t\t\t                                    <img decoding=\"async\" src=\"https:\/\/staging.forumqualenergia.it\/2022\/wp-content\/uploads\/sites\/23\/2021\/11\/Foto-Mastrapasqua.jpg\"\n                                         alt=\"\">\n\t\t\t\t\t\t\t\t                            <\/div>\n                        <\/div>\n                        <!-- col end-->\n                        <div class=\"col-lg-6\">\n                            <div class=\"ts-speaker-popup-content\">\n                                <h3 class=\"ts-title\"><a\n                                            href=\"https:\/\/staging.forumqualenergia.it\/2022\/blog\/speaker\/francesco-mastrapasqua\/\"> Francesco Mastrapasqua <\/a>\n                                <\/h3>\n                                <span class=\"speakder-designation\"> Presidente Assocold<\/span>\n\t\t\t\t\t\t\t\t                                    <img decoding=\"async\" src=\"\"\n                                         alt=\"\">\n\t\t\t\t\t\t\t\t                                <p>\n\t\t\t\t\t\t\t\t\t<span>Laureato in Ingegneria Elettronica e Telecomunicazioni presso l\u2019Universit\u00e0 di Padova, Francesco Mastrapasqua ha maturato un\u2019esperienza di oltre 25 anni nell\u2019area marketing e commercio internazionale di diverse societ\u00e0 multinazionali leader nel settore della refrigerazione e climatizzazione.<\/span><span>\u00a0<\/span>\r\n\r\n<span>Dal 2009 come Institutional Affairs Manager in EPTA \u00e8 portavoce e coordinatore di diverse iniziative normative e di sviluppo industriale sostenibile applicato al food retail.<\/span><span>\u00a0<\/span>\r\n\r\n<span>Dal 2019 \u00e8 Presidente di Assocold, Associazione Italiana che rappresenta i costruttori di apparecchiature e sistemi per la refrigerazione commerciale ed industriale, per la quale mantiene un dialogo costante con le istituzioni e le organizzazioni nazionali ed europee sulla transizione ecologica alla costante ricerca di standard di sostenibilit\u00e0 pi\u00f9 elevati.<\/span><span>\u00a0<\/span>\r\n\r\n<span>Da quest\u2019anno \u00e8 Chairman del gruppo di lavoro Eurovent TF-FGAS dedicato a rappresentare l\u2019industria europea nell\u2019ambito del processo di revisione del regolamento sui gas fluorurati.<\/span><span>\u00a0<\/span>                                <\/p>\n                                <div class=\"ts-speakers-social\">\n\t\t\t\t\t\t\t\t\t\t\t\t\t\t\t\t\t\t\t\t\t\t\t\t\t\t\t\t                                <\/div>\n                            <\/div>\n                            <!-- ts-speaker-popup-content end-->\n                        <\/div>\n                        <!-- col end-->\n                    <\/div>\n                    <!-- row end-->\n                <\/div>\n                <!-- popup end-->\n            <\/div>\n            <!-- ts-speaker end  -->\n\t\t\n\n\t\t\t\n\t\t\t\n\t\t\t\n\n\t\t\t\t\t\t<\/div>\n\t\t\t\t<\/div>\n\t\t\t\t<\/div>\n\t\t<div class=\"elementor-element elementor-element-28e75c3f e-con-full e-flex e-con e-child\" data-id=\"28e75c3f\" data-element_type=\"container\">\n\t\t\t\t<div class=\"elementor-element elementor-element-6515cae0 elementor-align-left elementor-invisible elementor-widget elementor-widget-button\" data-id=\"6515cae0\" data-element_type=\"widget\" data-settings=\"{&quot;_animation&quot;:&quot;fadeInUp&quot;,&quot;_animation_delay&quot;:450,&quot;ekit_we_effect_on&quot;:&quot;none&quot;}\" data-widget_type=\"button.default\">\n\t\t\t\t\t\t\t\t\t\t<a class=\"elementor-button elementor-button-link elementor-size-md\" href=\"https:\/\/forumqualenergia.it\/2022\/wp-content\/uploads\/2022\/12\/FORUM-QUALENERGIA-2022-AMBIZIONI-E-SOSTENIBILITA-NEL-NUOVO-REGOLAMENTO-FGAS-1.pptx\" target=\"_blank\">\n\t\t\t\t\t\t<span class=\"elementor-button-content-wrapper\">\n\t\t\t\t\t\t\t\t\t<span class=\"elementor-button-text\">Scarica le slide<\/span>\n\t\t\t\t\t<\/span>\n\t\t\t\t\t<\/a>\n\t\t\t\t\t\t\t\t<\/div>\n\t\t\t\t<div class=\"elementor-element elementor-element-142c7323 elementor-widget elementor-widget-text-editor\" data-id=\"142c7323\" data-element_type=\"widget\" data-settings=\"{&quot;ekit_we_effect_on&quot;:&quot;none&quot;}\" data-widget_type=\"text-editor.default\">\n\t\t\t\t\t\t\t\t\t<p>I limiti di una legislazione nazionale ed europea che non riesce a tenere il passo dell\u2019industria in tema di decarbonizzazione\u00a0<\/p>\t\t\t\t\t\t\t\t<\/div>\n\t\t\t\t<\/div>\n\t\t\t\t\t<\/div>\n\t\t\t\t<\/div>\n\t\t<div class=\"elementor-element elementor-element-244d224 e-flex e-con-boxed e-con e-parent\" data-id=\"244d224\" data-element_type=\"container\" data-settings=\"{&quot;background_background&quot;:&quot;classic&quot;}\">\n\t\t\t\t\t<div class=\"e-con-inner\">\n\t\t\t\t<div class=\"elementor-element elementor-element-1c2e1125 elementor-widget-divider--view-line elementor-widget elementor-widget-divider\" data-id=\"1c2e1125\" data-element_type=\"widget\" data-settings=\"{&quot;ekit_we_effect_on&quot;:&quot;none&quot;}\" data-widget_type=\"divider.default\">\n\t\t\t\t\t\t\t<div class=\"elementor-divider\">\n\t\t\t<span class=\"elementor-divider-separator\">\n\t\t\t\t\t\t<\/span>\n\t\t<\/div>\n\t\t\t\t\t\t<\/div>\n\t\t\t\t\t<\/div>\n\t\t\t\t<\/div>\n\t\t<div class=\"elementor-element elementor-element-dcd93a8 e-flex e-con-boxed e-con e-parent\" data-id=\"dcd93a8\" data-element_type=\"container\" data-settings=\"{&quot;background_background&quot;:&quot;classic&quot;}\">\n\t\t\t\t\t<div class=\"e-con-inner\">\n\t\t<div class=\"elementor-element elementor-element-2acac5a1 e-con-full e-flex e-con e-child\" data-id=\"2acac5a1\" data-element_type=\"container\">\n\t\t\t\t<div class=\"elementor-element elementor-element-431c94d9 elementor-widget elementor-widget-image\" data-id=\"431c94d9\" data-element_type=\"widget\" data-settings=\"{&quot;ekit_we_effect_on&quot;:&quot;none&quot;}\" data-widget_type=\"image.default\">\n\t\t\t\t\t\t\t\t\t\t\t\t\t\t\t\t<a href=\"https:\/\/nextchem.it\/it\" target=\"_blank\">\n\t\t\t\t\t\t\t<img loading=\"lazy\" decoding=\"async\" width=\"250\" height=\"104\" src=\"https:\/\/staging.forumqualenergia.it\/2022\/wp-content\/uploads\/sites\/23\/2022\/10\/Testimonial-Nextchem2022-e1670318719288.png\" class=\"attachment-medium size-medium wp-image-3956\" alt=\"Testimonial-Nextchem2022\" \/>\t\t\t\t\t\t\t\t<\/a>\n\t\t\t\t\t\t\t\t\t\t\t\t\t\t\t<\/div>\n\t\t\t\t<\/div>\n\t\t<div class=\"elementor-element elementor-element-75a6fb1d e-con-full e-flex e-con e-child\" data-id=\"75a6fb1d\" data-element_type=\"container\">\n\t\t\t\t<div class=\"elementor-element elementor-element-eb519d0 elementor-widget elementor-widget-exhibz-speaker\" data-id=\"eb519d0\" data-element_type=\"widget\" data-settings=\"{&quot;ekit_we_effect_on&quot;:&quot;none&quot;}\" data-widget_type=\"exhibz-speaker.default\">\n\t\t\t\t<div class=\"elementor-widget-container\">\n\t\t\t\t\t\t\t\t            <div class=\"ts-speaker\" style=\"--speaker-color: #25CD44\">\n                <div class=\"speaker-img\">\n\t\t\t\t\t                        <img decoding=\"async\" src=\"https:\/\/staging.forumqualenergia.it\/2022\/wp-content\/uploads\/sites\/23\/2022\/12\/DSC7212.jpg\"\n                             alt=\"Ilaria catastini\">\n\t\t\t\t\t                    <a href=\"#popup_eb519d05786\"\n                       class=\"view-speaker ts-image-popup\" data-effect=\"mfp-zoom-in\">\n                        <i class=\"icon icon-plus\"><\/i>\n                    <\/a>\n                <\/div>\n                <div class=\"ts-speaker-info\">\n                    <h3 class=\"ts-title\">\n                        <a href=\"https:\/\/staging.forumqualenergia.it\/2022\/blog\/speaker\/ilaria-catastini\/\"> Ilaria Catastini <\/a>\n                    <\/h3>\n                    <p>\n\t\t\t\t\t\tNextChem &amp; Head of Group Sustainability, Maire Tecnimont                    <\/p>\n                <\/div>\n                <!--- speaker info end -->\n                <!-- popup start-->\n                <div id=\"popup_eb519d05786\"\n                     class=\"container ts-speaker-popup mfp-hide\">\n                    <div class=\"row\">\n                        <div class=\"col-lg-6\">\n                            <div class=\"ts-speaker-popup-img\">\n\t\t\t\t\t\t\t\t                                    <img decoding=\"async\" src=\"https:\/\/staging.forumqualenergia.it\/2022\/wp-content\/uploads\/sites\/23\/2022\/12\/DSC7212.jpg\"\n                                         alt=\"Ilaria catastini\">\n\t\t\t\t\t\t\t\t                            <\/div>\n                        <\/div>\n                        <!-- col end-->\n                        <div class=\"col-lg-6\">\n                            <div class=\"ts-speaker-popup-content\">\n                                <h3 class=\"ts-title\"><a\n                                            href=\"https:\/\/staging.forumqualenergia.it\/2022\/blog\/speaker\/ilaria-catastini\/\"> Ilaria Catastini <\/a>\n                                <\/h3>\n                                <span class=\"speakder-designation\"> NextChem &amp; Head of Group Sustainability, Maire Tecnimont<\/span>\n\t\t\t\t\t\t\t\t                                    <img decoding=\"async\" src=\"\"\n                                         alt=\"\">\n\t\t\t\t\t\t\t\t                                <p>\n\t\t\t\t\t\t\t\t\t                                <\/p>\n                                <div class=\"ts-speakers-social\">\n\t\t\t\t\t\t\t\t\t\t\t\t\t\t\t\t\t\t\t\t\t\t\t\t\t\t\t\t                                <\/div>\n                            <\/div>\n                            <!-- ts-speaker-popup-content end-->\n                        <\/div>\n                        <!-- col end-->\n                    <\/div>\n                    <!-- row end-->\n                <\/div>\n                <!-- popup end-->\n            <\/div>\n            <!-- ts-speaker end  -->\n\t\t\n\n\t\t\t\n\t\t\t\n\t\t\t\n\n\t\t\t\t\t\t<\/div>\n\t\t\t\t<\/div>\n\t\t\t\t<\/div>\n\t\t<div class=\"elementor-element elementor-element-3b0f95f8 e-con-full e-flex e-con e-child\" data-id=\"3b0f95f8\" data-element_type=\"container\">\n\t\t\t\t<div class=\"elementor-element elementor-element-338b81b9 elementor-align-left elementor-invisible elementor-widget elementor-widget-button\" data-id=\"338b81b9\" data-element_type=\"widget\" data-settings=\"{&quot;_animation&quot;:&quot;fadeInUp&quot;,&quot;_animation_delay&quot;:450,&quot;ekit_we_effect_on&quot;:&quot;none&quot;}\" data-widget_type=\"button.default\">\n\t\t\t\t\t\t\t\t\t\t<a class=\"elementor-button elementor-button-link elementor-size-md\" href=\"https:\/\/forumqualenergia.it\/2022\/wp-content\/uploads\/2022\/11\/ILARIA-CATASTINI-29-NOVEMBRE.pdf\" target=\"_blank\">\n\t\t\t\t\t\t<span class=\"elementor-button-content-wrapper\">\n\t\t\t\t\t\t\t\t\t<span class=\"elementor-button-text\">Leggi le slide<\/span>\n\t\t\t\t\t<\/span>\n\t\t\t\t\t<\/a>\n\t\t\t\t\t\t\t\t<\/div>\n\t\t\t\t<div class=\"elementor-element elementor-element-5175e094 elementor-widget elementor-widget-text-editor\" data-id=\"5175e094\" data-element_type=\"widget\" data-settings=\"{&quot;ekit_we_effect_on&quot;:&quot;none&quot;}\" data-widget_type=\"text-editor.default\">\n\t\t\t\t\t\t\t\t\t<p>Leggi la presentazione di Nextchem<\/p>\t\t\t\t\t\t\t\t<\/div>\n\t\t\t\t<\/div>\n\t\t\t\t\t<\/div>\n\t\t\t\t<\/div>\n\t\t<div class=\"elementor-element elementor-element-81c97ed e-flex e-con-boxed e-con e-parent\" data-id=\"81c97ed\" data-element_type=\"container\" data-settings=\"{&quot;background_background&quot;:&quot;classic&quot;}\">\n\t\t\t\t\t<div class=\"e-con-inner\">\n\t\t<div class=\"elementor-element elementor-element-3f49596 e-con-full e-flex e-con e-child\" data-id=\"3f49596\" data-element_type=\"container\">\n\t\t\t\t<div class=\"elementor-element elementor-element-9569985 elementor-widget elementor-widget-image\" data-id=\"9569985\" data-element_type=\"widget\" data-settings=\"{&quot;ekit_we_effect_on&quot;:&quot;none&quot;}\" data-widget_type=\"image.default\">\n\t\t\t\t\t\t\t\t\t\t\t\t\t\t\t\t<a href=\"https:\/\/gbcitalia.org\/\" target=\"_blank\">\n\t\t\t\t\t\t\t<img loading=\"lazy\" decoding=\"async\" width=\"300\" height=\"150\" src=\"https:\/\/staging.forumqualenergia.it\/2022\/wp-content\/uploads\/sites\/23\/2022\/12\/gbc-italia-300x150.png\" class=\"attachment-medium size-medium wp-image-5144\" alt=\"\" srcset=\"https:\/\/staging.forumqualenergia.it\/2022\/wp-content\/uploads\/sites\/23\/2022\/12\/gbc-italia-300x150.png 300w, https:\/\/staging.forumqualenergia.it\/2022\/wp-content\/uploads\/sites\/23\/2022\/12\/gbc-italia-e1670320003236.png 250w\" sizes=\"(max-width: 300px) 100vw, 300px\" \/>\t\t\t\t\t\t\t\t<\/a>\n\t\t\t\t\t\t\t\t\t\t\t\t\t\t\t<\/div>\n\t\t\t\t<\/div>\n\t\t<div class=\"elementor-element elementor-element-f67d88b e-con-full e-flex e-con e-child\" data-id=\"f67d88b\" data-element_type=\"container\">\n\t\t\t\t<div class=\"elementor-element elementor-element-52637a6 elementor-widget elementor-widget-exhibz-speaker\" data-id=\"52637a6\" data-element_type=\"widget\" data-settings=\"{&quot;ekit_we_effect_on&quot;:&quot;none&quot;}\" data-widget_type=\"exhibz-speaker.default\">\n\t\t\t\t<div class=\"elementor-widget-container\">\n\t\t\t\t\t\t\t\t            <div class=\"ts-speaker\" style=\"--speaker-color: #25CD44\">\n                <div class=\"speaker-img\">\n\t\t\t\t\t                        <img decoding=\"async\" src=\"https:\/\/staging.forumqualenergia.it\/2022\/wp-content\/uploads\/sites\/23\/2022\/12\/1654416078388-e1670319845472.jpg\"\n                             alt=\"Marco Mari\">\n\t\t\t\t\t                    <a href=\"#popup_52637a65798\"\n                       class=\"view-speaker ts-image-popup\" data-effect=\"mfp-zoom-in\">\n                        <i class=\"icon icon-plus\"><\/i>\n                    <\/a>\n                <\/div>\n                <div class=\"ts-speaker-info\">\n                    <h3 class=\"ts-title\">\n                        <a href=\"https:\/\/staging.forumqualenergia.it\/2022\/blog\/speaker\/marco-mari\/\"> Marco Mari <\/a>\n                    <\/h3>\n                    <p>\n\t\t\t\t\t\tPresidente Green Building Council                    <\/p>\n                <\/div>\n                <!--- speaker info end -->\n                <!-- popup start-->\n                <div id=\"popup_52637a65798\"\n                     class=\"container ts-speaker-popup mfp-hide\">\n                    <div class=\"row\">\n                        <div class=\"col-lg-6\">\n                            <div class=\"ts-speaker-popup-img\">\n\t\t\t\t\t\t\t\t                                    <img decoding=\"async\" src=\"https:\/\/staging.forumqualenergia.it\/2022\/wp-content\/uploads\/sites\/23\/2022\/12\/1654416078388-e1670319845472.jpg\"\n                                         alt=\"Marco Mari\">\n\t\t\t\t\t\t\t\t                            <\/div>\n                        <\/div>\n                        <!-- col end-->\n                        <div class=\"col-lg-6\">\n                            <div class=\"ts-speaker-popup-content\">\n                                <h3 class=\"ts-title\"><a\n                                            href=\"https:\/\/staging.forumqualenergia.it\/2022\/blog\/speaker\/marco-mari\/\"> Marco Mari <\/a>\n                                <\/h3>\n                                <span class=\"speakder-designation\"> Presidente Green Building Council<\/span>\n\t\t\t\t\t\t\t\t                                    <img decoding=\"async\" src=\"\"\n                                         alt=\"\">\n\t\t\t\t\t\t\t\t                                <p>\n\t\t\t\t\t\t\t\t\t<a href=\"https:\/\/www.linkedin.com\/in\/marcomari\/\" target=\"_blank\" rel=\"noopener\">Guarda il profilo &gt;&gt;<\/a>                                <\/p>\n                                <div class=\"ts-speakers-social\">\n\t\t\t\t\t\t\t\t\t\t\t\t\t\t\t\t\t\t\t\t\t\t\t\t\t\t\t\t                                <\/div>\n                            <\/div>\n                            <!-- ts-speaker-popup-content end-->\n                        <\/div>\n                        <!-- col end-->\n                    <\/div>\n                    <!-- row end-->\n                <\/div>\n                <!-- popup end-->\n            <\/div>\n            <!-- ts-speaker end  -->\n\t\t\n\n\t\t\t\n\t\t\t\n\t\t\t\n\n\t\t\t\t\t\t<\/div>\n\t\t\t\t<\/div>\n\t\t\t\t<\/div>\n\t\t<div class=\"elementor-element elementor-element-977ef86 e-con-full e-flex e-con e-child\" data-id=\"977ef86\" data-element_type=\"container\">\n\t\t\t\t<div class=\"elementor-element elementor-element-3a66d7f elementor-align-left elementor-invisible elementor-widget elementor-widget-button\" data-id=\"3a66d7f\" data-element_type=\"widget\" data-settings=\"{&quot;_animation&quot;:&quot;fadeInUp&quot;,&quot;_animation_delay&quot;:450,&quot;ekit_we_effect_on&quot;:&quot;none&quot;}\" data-widget_type=\"button.default\">\n\t\t\t\t\t\t\t\t\t\t<a class=\"elementor-button elementor-button-link elementor-size-md\" href=\"https:\/\/forumqualenergia.it\/2022\/wp-content\/uploads\/2022\/12\/GBCItalia_AdvocacyManifesto_Website.pdf\" target=\"_blank\">\n\t\t\t\t\t\t<span class=\"elementor-button-content-wrapper\">\n\t\t\t\t\t\t\t\t\t<span class=\"elementor-button-text\">Scarica il documento<\/span>\n\t\t\t\t\t<\/span>\n\t\t\t\t\t<\/a>\n\t\t\t\t\t\t\t\t<\/div>\n\t\t\t\t<div class=\"elementor-element elementor-element-f6978ab elementor-widget elementor-widget-text-editor\" data-id=\"f6978ab\" data-element_type=\"widget\" data-settings=\"{&quot;ekit_we_effect_on&quot;:&quot;none&quot;}\" data-widget_type=\"text-editor.default\">\n\t\t\t\t\t\t\t\t\t<p>Un ambiente costruito sostenibile per l\u2019Italia del futuro: le proposte di GBC Italia<\/p>\t\t\t\t\t\t\t\t<\/div>\n\t\t\t\t<\/div>\n\t\t\t\t\t<\/div>\n\t\t\t\t<\/div>\n\t\t<div class=\"elementor-element elementor-element-2dcbcce e-flex e-con-boxed e-con e-parent\" data-id=\"2dcbcce\" data-element_type=\"container\" data-settings=\"{&quot;background_background&quot;:&quot;classic&quot;}\">\n\t\t\t\t\t<div class=\"e-con-inner\">\n\t\t<div class=\"elementor-element elementor-element-76ac545 e-con-full e-flex e-con e-child\" data-id=\"76ac545\" data-element_type=\"container\">\n\t\t\t\t<div class=\"elementor-element elementor-element-4ce3802 elementor-widget elementor-widget-image\" data-id=\"4ce3802\" data-element_type=\"widget\" data-settings=\"{&quot;ekit_we_effect_on&quot;:&quot;none&quot;}\" data-widget_type=\"image.default\">\n\t\t\t\t\t\t\t\t\t\t\t\t\t\t\t\t<a href=\"https:\/\/www.lazzarilucchini.com\/\" target=\"_blank\">\n\t\t\t\t\t\t\t<img loading=\"lazy\" decoding=\"async\" width=\"250\" height=\"152\" src=\"https:\/\/staging.forumqualenergia.it\/2022\/wp-content\/uploads\/sites\/23\/2022\/10\/LL-TESTIMONIAL-e1670576046796.png\" class=\"attachment-medium size-medium wp-image-3948\" alt=\"Testimonial-L&amp;L2022\" \/>\t\t\t\t\t\t\t\t<\/a>\n\t\t\t\t\t\t\t\t\t\t\t\t\t\t\t<\/div>\n\t\t\t\t<\/div>\n\t\t<div class=\"elementor-element elementor-element-f95a958 e-con-full e-flex e-con e-child\" data-id=\"f95a958\" data-element_type=\"container\">\n\t\t\t\t<div class=\"elementor-element elementor-element-cc79e6f elementor-widget elementor-widget-exhibz-speaker\" data-id=\"cc79e6f\" data-element_type=\"widget\" data-settings=\"{&quot;ekit_we_effect_on&quot;:&quot;none&quot;}\" data-widget_type=\"exhibz-speaker.default\">\n\t\t\t\t<div class=\"elementor-widget-container\">\n\t\t\t\t\t\t\t\t            <div class=\"ts-speaker\" style=\"--speaker-color: #25CD44\">\n                <div class=\"speaker-img\">\n\t\t\t\t\t                        <img decoding=\"async\" src=\"https:\/\/staging.forumqualenergia.it\/2022\/wp-content\/uploads\/sites\/23\/2022\/11\/Sara-Lazzari-300x300-1.jpg\"\n                             alt=\"Sara Lazzari\">\n\t\t\t\t\t                    <a href=\"#popup_cc79e6f5756\"\n                       class=\"view-speaker ts-image-popup\" data-effect=\"mfp-zoom-in\">\n                        <i class=\"icon icon-plus\"><\/i>\n                    <\/a>\n                <\/div>\n                <div class=\"ts-speaker-info\">\n                    <h3 class=\"ts-title\">\n                        <a href=\"https:\/\/staging.forumqualenergia.it\/2022\/blog\/speaker\/sara-lazzari\/\"> Sara Lazzari <\/a>\n                    <\/h3>\n                    <p>\n\t\t\t\t\t\tDirettore Operativo del Gruppo L&amp;L \u2013 Lazzari&amp;Lucchini SpA                    <\/p>\n                <\/div>\n                <!--- speaker info end -->\n                <!-- popup start-->\n                <div id=\"popup_cc79e6f5756\"\n                     class=\"container ts-speaker-popup mfp-hide\">\n                    <div class=\"row\">\n                        <div class=\"col-lg-6\">\n                            <div class=\"ts-speaker-popup-img\">\n\t\t\t\t\t\t\t\t                                    <img decoding=\"async\" src=\"https:\/\/staging.forumqualenergia.it\/2022\/wp-content\/uploads\/sites\/23\/2022\/11\/Sara-Lazzari-300x300-1.jpg\"\n                                         alt=\"Sara Lazzari\">\n\t\t\t\t\t\t\t\t                            <\/div>\n                        <\/div>\n                        <!-- col end-->\n                        <div class=\"col-lg-6\">\n                            <div class=\"ts-speaker-popup-content\">\n                                <h3 class=\"ts-title\"><a\n                                            href=\"https:\/\/staging.forumqualenergia.it\/2022\/blog\/speaker\/sara-lazzari\/\"> Sara Lazzari <\/a>\n                                <\/h3>\n                                <span class=\"speakder-designation\"> Direttore Operativo del Gruppo L&amp;L \u2013 Lazzari&amp;Lucchini SpA<\/span>\n\t\t\t\t\t\t\t\t                                    <img decoding=\"async\" src=\"\"\n                                         alt=\"\">\n\t\t\t\t\t\t\t\t                                <p>\n\t\t\t\t\t\t\t\t\tSara Lazzari \u00e8 Laureata in Ingegneria Elettronica all\u2019Universit\u00e0 degli Studi di Brescia, nel 1999 consegue il Dottorato di Ricerca in Optoelettronica.\r\n\r\nE\u2019 stata Head of Operations Unit della divisione G&amp;P di Energetic Source Spa (poi EVIVA Spa), una delle pi\u00f9 importanti e dinamiche multiutility nel centro-nord, e dal 2016 al 2020 \u00e8 Chief Project Manager di Terranova (gruppo Pietro Fiorentini), azienda specializzata nei processi di Digital Transformation per le multiutility.\r\n\r\nDal 2020 \u00e8 Direttore Operativo del Gruppo L&amp;L \u2013 Lazzari&amp;Lucchini SpA, tra i principali operatori nazionali nella\u00a0produzione di energia da fonti rinnovabili, quali impianti eolici, idroelettrici, fotovoltaici e impianti di produzione di biometano.                                <\/p>\n                                <div class=\"ts-speakers-social\">\n\t\t\t\t\t\t\t\t\t\t\t\t\t\t\t\t\t\t\t\t\t\t\t\t\t\t\t\t                                <\/div>\n                            <\/div>\n                            <!-- ts-speaker-popup-content end-->\n                        <\/div>\n                        <!-- col end-->\n                    <\/div>\n                    <!-- row end-->\n                <\/div>\n                <!-- popup end-->\n            <\/div>\n            <!-- ts-speaker end  -->\n\t\t\n\n\t\t\t\n\t\t\t\n\t\t\t\n\n\t\t\t\t\t\t<\/div>\n\t\t\t\t<\/div>\n\t\t\t\t<\/div>\n\t\t<div class=\"elementor-element elementor-element-eec755b e-con-full e-flex e-con e-child\" data-id=\"eec755b\" data-element_type=\"container\">\n\t\t\t\t<div class=\"elementor-element elementor-element-90e6d56 elementor-align-left elementor-invisible elementor-widget elementor-widget-button\" data-id=\"90e6d56\" data-element_type=\"widget\" data-settings=\"{&quot;_animation&quot;:&quot;fadeInUp&quot;,&quot;_animation_delay&quot;:450,&quot;ekit_we_effect_on&quot;:&quot;none&quot;}\" data-widget_type=\"button.default\">\n\t\t\t\t\t\t\t\t\t\t<a class=\"elementor-button elementor-button-link elementor-size-md\" href=\"https:\/\/forumqualenergia.it\/2022\/wp-content\/uploads\/2022\/12\/Presentazione_ForumQualenergia_2022_LazzariLucchini.pdf\" target=\"_blank\">\n\t\t\t\t\t\t<span class=\"elementor-button-content-wrapper\">\n\t\t\t\t\t\t\t\t\t<span class=\"elementor-button-text\">Leggi le slide<\/span>\n\t\t\t\t\t<\/span>\n\t\t\t\t\t<\/a>\n\t\t\t\t\t\t\t\t<\/div>\n\t\t\t\t<div class=\"elementor-element elementor-element-ba17d78 elementor-widget elementor-widget-text-editor\" data-id=\"ba17d78\" data-element_type=\"widget\" data-settings=\"{&quot;ekit_we_effect_on&quot;:&quot;none&quot;}\" data-widget_type=\"text-editor.default\">\n\t\t\t\t\t\t\t\t\t<p>Il modello L&amp;L per lo sviluppo del biometano avanzato<\/p>\t\t\t\t\t\t\t\t<\/div>\n\t\t\t\t<\/div>\n\t\t\t\t\t<\/div>\n\t\t\t\t<\/div>\n\t\t<div class=\"elementor-element elementor-element-8f6b15c e-flex e-con-boxed e-con e-parent\" data-id=\"8f6b15c\" data-element_type=\"container\" data-settings=\"{&quot;background_background&quot;:&quot;classic&quot;}\">\n\t\t\t\t\t<div class=\"e-con-inner\">\n\t\t<div class=\"elementor-element elementor-element-afeb72f e-con-full e-flex e-con e-child\" data-id=\"afeb72f\" data-element_type=\"container\">\n\t\t\t\t<div class=\"elementor-element elementor-element-b5ae1d2 elementor-widget elementor-widget-image\" data-id=\"b5ae1d2\" data-element_type=\"widget\" data-settings=\"{&quot;ekit_we_effect_on&quot;:&quot;none&quot;}\" data-widget_type=\"image.default\">\n\t\t\t\t\t\t\t\t\t\t\t\t\t\t\t\t<a href=\"https:\/\/www.teon.it\/\" target=\"_blank\">\n\t\t\t\t\t\t\t<img loading=\"lazy\" decoding=\"async\" width=\"250\" height=\"110\" src=\"https:\/\/staging.forumqualenergia.it\/2022\/wp-content\/uploads\/sites\/23\/2022\/10\/Teon-TESTIMONIAL-e1670832038349.png\" class=\"attachment-medium size-medium wp-image-3954\" alt=\"Testimonial-Teon2022\" \/>\t\t\t\t\t\t\t\t<\/a>\n\t\t\t\t\t\t\t\t\t\t\t\t\t\t\t<\/div>\n\t\t\t\t<\/div>\n\t\t<div class=\"elementor-element elementor-element-1b19e40 e-con-full e-flex e-con e-child\" data-id=\"1b19e40\" data-element_type=\"container\">\n\t\t\t\t<div class=\"elementor-element elementor-element-3f6e232 elementor-widget elementor-widget-exhibz-speaker\" data-id=\"3f6e232\" data-element_type=\"widget\" data-settings=\"{&quot;ekit_we_effect_on&quot;:&quot;none&quot;}\" data-widget_type=\"exhibz-speaker.default\">\n\t\t\t\t<div class=\"elementor-widget-container\">\n\t\t\t\t\t\t\t\t            <div class=\"ts-speaker\" style=\"--speaker-color: #25CD44\">\n                <div class=\"speaker-img\">\n\t\t\t\t\t                        <img decoding=\"async\" src=\"https:\/\/staging.forumqualenergia.it\/2022\/wp-content\/uploads\/sites\/23\/2022\/11\/Ferdinando-Pozzani-300x300-1.png\"\n                             alt=\"Ferdinando Pozzani 300x300\">\n\t\t\t\t\t                    <a href=\"#popup_3f6e2325766\"\n                       class=\"view-speaker ts-image-popup\" data-effect=\"mfp-zoom-in\">\n                        <i class=\"icon icon-plus\"><\/i>\n                    <\/a>\n                <\/div>\n                <div class=\"ts-speaker-info\">\n                    <h3 class=\"ts-title\">\n                        <a href=\"https:\/\/staging.forumqualenergia.it\/2022\/blog\/speaker\/ferdinando-pozzani\/\"> Ferdinando Pozzani <\/a>\n                    <\/h3>\n                    <p>\n\t\t\t\t\t\tAmministratore Delegato Teon                    <\/p>\n                <\/div>\n                <!--- speaker info end -->\n                <!-- popup start-->\n                <div id=\"popup_3f6e2325766\"\n                     class=\"container ts-speaker-popup mfp-hide\">\n                    <div class=\"row\">\n                        <div class=\"col-lg-6\">\n                            <div class=\"ts-speaker-popup-img\">\n\t\t\t\t\t\t\t\t                                    <img decoding=\"async\" src=\"https:\/\/staging.forumqualenergia.it\/2022\/wp-content\/uploads\/sites\/23\/2022\/11\/Ferdinando-Pozzani-300x300-1.png\"\n                                         alt=\"Ferdinando Pozzani 300x300\">\n\t\t\t\t\t\t\t\t                            <\/div>\n                        <\/div>\n                        <!-- col end-->\n                        <div class=\"col-lg-6\">\n                            <div class=\"ts-speaker-popup-content\">\n                                <h3 class=\"ts-title\"><a\n                                            href=\"https:\/\/staging.forumqualenergia.it\/2022\/blog\/speaker\/ferdinando-pozzani\/\"> Ferdinando Pozzani <\/a>\n                                <\/h3>\n                                <span class=\"speakder-designation\"> Amministratore Delegato Teon<\/span>\n\t\t\t\t\t\t\t\t                                    <img decoding=\"async\" src=\"\"\n                                         alt=\"\">\n\t\t\t\t\t\t\t\t                                <p>\n\t\t\t\t\t\t\t\t\t<span class=\"TextRun SCXW166891292 BCX0\"><span class=\"NormalTextRun SCXW166891292 BCX0\">I<\/span><span class=\"NormalTextRun SCXW166891292 BCX0\">ngegnere\u00a0<\/span><span class=\"NormalTextRun SCXW166891292 BCX0\">civile<\/span><span class=\"NormalTextRun SCXW166891292 BCX0\">, laureato all\u2019universit\u00e0\u00a0<\/span><span class=\"NormalTextRun SCXW166891292 BCX0\">la Sapienza\u00a0<\/span><span class=\"NormalTextRun SCXW166891292 BCX0\">di\u00a0<\/span><span class=\"NormalTextRun SCXW166891292 BCX0\">Roma<\/span><span class=\"NormalTextRun SCXW166891292 BCX0\">, ha esercitato l\u2019attivit\u00e0 professionale nei\u00a0<\/span><span class=\"NormalTextRun SCXW166891292 BCX0\">settori\u00a0<\/span><span class=\"NormalTextRun SCXW166891292 BCX0\">principalmente dell\u2019<\/span><span class=\"NormalTextRun SCXW166891292 BCX0\">energy, utility ed efficienza energetica. Dopo un\u2019esperienza pluriennale nella consulenza gestionale, nel 2007 ha assunto la responsabilit\u00e0 delle attivit\u00e0 italiane di VERBUND AG e successivamente di tutte le attivit\u00e0 internazionali. Nel 2015 ha partecipato<\/span>\u00a0<span class=\"NormalTextRun SCXW166891292 BCX0\">alla fondazione di TEON SRL di cui \u00e8 Amministratore Delegato, una PMI innovativa che ha l\u2019obiettivo di portare sul mercato pompe di calore\u00a0<\/span><span class=\"NormalTextRun SCXW166891292 BCX0\">brevettate\u00a0<\/span><span class=\"NormalTextRun SCXW166891292 BCX0\">ad alta temperatura, per un riscaldamento sostenibile e decarbonizzato, al servizio di edifici e di processi industriali.\u00a0<\/span><\/span><span class=\"EOP SCXW166891292 BCX0\">\u00a0<\/span>                                <\/p>\n                                <div class=\"ts-speakers-social\">\n\t\t\t\t\t\t\t\t\t\t\t\t\t\t\t\t\t\t\t\t\t\t\t\t\t\t\t\t                                <\/div>\n                            <\/div>\n                            <!-- ts-speaker-popup-content end-->\n                        <\/div>\n                        <!-- col end-->\n                    <\/div>\n                    <!-- row end-->\n                <\/div>\n                <!-- popup end-->\n            <\/div>\n            <!-- ts-speaker end  -->\n\t\t\n\n\t\t\t\n\t\t\t\n\t\t\t\n\n\t\t\t\t\t\t<\/div>\n\t\t\t\t<\/div>\n\t\t\t\t<\/div>\n\t\t<div class=\"elementor-element elementor-element-f9135fb e-con-full e-flex e-con e-child\" data-id=\"f9135fb\" data-element_type=\"container\">\n\t\t\t\t<div class=\"elementor-element elementor-element-3bf155f elementor-align-left elementor-invisible elementor-widget elementor-widget-button\" data-id=\"3bf155f\" data-element_type=\"widget\" data-settings=\"{&quot;_animation&quot;:&quot;fadeInUp&quot;,&quot;_animation_delay&quot;:450,&quot;ekit_we_effect_on&quot;:&quot;none&quot;}\" data-widget_type=\"button.default\">\n\t\t\t\t\t\t\t\t\t\t<a class=\"elementor-button elementor-button-link elementor-size-md\" href=\"https:\/\/forumqualenergia.it\/2022\/wp-content\/uploads\/2022\/12\/POZZANI-30-NOVEMBRE-TEON_Forum-Qualenergia_FPO.pptx\" target=\"_blank\">\n\t\t\t\t\t\t<span class=\"elementor-button-content-wrapper\">\n\t\t\t\t\t\t\t\t\t<span class=\"elementor-button-text\">Leggi le slide<\/span>\n\t\t\t\t\t<\/span>\n\t\t\t\t\t<\/a>\n\t\t\t\t\t\t\t\t<\/div>\n\t\t\t\t<div class=\"elementor-element elementor-element-a7fb4ec elementor-widget elementor-widget-text-editor\" data-id=\"a7fb4ec\" data-element_type=\"widget\" data-settings=\"{&quot;ekit_we_effect_on&quot;:&quot;none&quot;}\" data-widget_type=\"text-editor.default\">\n\t\t\t\t\t\t\t\t\t<p>REFRIGERANTI E CLIMA<br \/>Riflessioni sulla prossima revisione del Reg 517\/2014<\/p>\t\t\t\t\t\t\t\t<\/div>\n\t\t\t\t<\/div>\n\t\t\t\t\t<\/div>\n\t\t\t\t<\/div>\n\t\t\t\t<\/div>\n\t\t","protected":false},"excerpt":{"rendered":"<p>Documenti Scarica le presentazioni e guarda i video dei relatori. Marco Mancini Ufficio Scientifico Legambiente Marco Mancini Ufficio Scientifico Legambiente Marco\u00a0Mancini, laureato alla Sapienza in Scienze Ambientali e con un dottorato in Ecologia Forestale dell\u2019ateneo della Tuscia, approda nell\u2019ufficio scientifico di Legambiente occupandosi della Campagna di Monitoraggio Scientifico di Goletta Verde. Per l\u2019associazione lavora dal [&hellip;]<\/p>\n","protected":false},"author":5,"featured_media":0,"parent":0,"menu_order":0,"comment_status":"closed","ping_status":"closed","template":"","meta":{"footnotes":""},"class_list":["post-5126","page","type-page","status-publish","hentry"],"yoast_head":"<!-- This site is optimized with the Yoast SEO plugin v26.7 - https:\/\/yoast.com\/wordpress\/plugins\/seo\/ -->\n<title>DOCUMENTI - ForumQualEnergia 2022<\/title>\n<meta name=\"robots\" content=\"index, follow, max-snippet:-1, max-image-preview:large, max-video-preview:-1\" \/>\n<link rel=\"canonical\" href=\"https:\/\/staging.forumqualenergia.it\/2022\/documenti-2\/\" \/>\n<meta property=\"og:locale\" content=\"it_IT\" \/>\n<meta property=\"og:type\" content=\"article\" \/>\n<meta property=\"og:title\" content=\"DOCUMENTI - ForumQualEnergia 2022\" \/>\n<meta property=\"og:description\" content=\"Documenti Scarica le presentazioni e guarda i video dei relatori. Marco Mancini Ufficio Scientifico Legambiente Marco Mancini Ufficio Scientifico Legambiente Marco\u00a0Mancini, laureato alla Sapienza in Scienze Ambientali e con un dottorato in Ecologia Forestale dell\u2019ateneo della Tuscia, approda nell\u2019ufficio scientifico di Legambiente occupandosi della Campagna di Monitoraggio Scientifico di Goletta Verde. Per l\u2019associazione lavora dal [&hellip;]\" \/>\n<meta property=\"og:url\" content=\"https:\/\/staging.forumqualenergia.it\/2022\/documenti-2\/\" \/>\n<meta property=\"og:site_name\" content=\"ForumQualEnergia 2022\" \/>\n<meta property=\"article:modified_time\" content=\"2025-09-18T15:00:48+00:00\" \/>\n<meta property=\"og:image\" content=\"https:\/\/staging.forumqualenergia.it\/2022\/wp-content\/uploads\/sites\/23\/2025\/09\/Logo-Legambiente-e1595929567454-200x118-2.png\" \/>\n<meta name=\"twitter:card\" content=\"summary_large_image\" \/>\n<meta name=\"twitter:label1\" content=\"Tempo di lettura stimato\" \/>\n\t<meta name=\"twitter:data1\" content=\"14 minuti\" \/>\n<script type=\"application\/ld+json\" class=\"yoast-schema-graph\">{\"@context\":\"https:\/\/schema.org\",\"@graph\":[{\"@type\":\"WebPage\",\"@id\":\"https:\/\/staging.forumqualenergia.it\/2022\/documenti-2\/\",\"url\":\"https:\/\/staging.forumqualenergia.it\/2022\/documenti-2\/\",\"name\":\"DOCUMENTI - ForumQualEnergia 2022\",\"isPartOf\":{\"@id\":\"https:\/\/staging.forumqualenergia.it\/2022\/#website\"},\"primaryImageOfPage\":{\"@id\":\"https:\/\/staging.forumqualenergia.it\/2022\/documenti-2\/#primaryimage\"},\"image\":{\"@id\":\"https:\/\/staging.forumqualenergia.it\/2022\/documenti-2\/#primaryimage\"},\"thumbnailUrl\":\"https:\/\/staging.forumqualenergia.it\/2022\/wp-content\/uploads\/sites\/23\/2025\/09\/Logo-Legambiente-e1595929567454-200x118-2.png\",\"datePublished\":\"2022-12-09T08:58:54+00:00\",\"dateModified\":\"2025-09-18T15:00:48+00:00\",\"breadcrumb\":{\"@id\":\"https:\/\/staging.forumqualenergia.it\/2022\/documenti-2\/#breadcrumb\"},\"inLanguage\":\"it-IT\",\"potentialAction\":[{\"@type\":\"ReadAction\",\"target\":[\"https:\/\/staging.forumqualenergia.it\/2022\/documenti-2\/\"]}]},{\"@type\":\"ImageObject\",\"inLanguage\":\"it-IT\",\"@id\":\"https:\/\/staging.forumqualenergia.it\/2022\/documenti-2\/#primaryimage\",\"url\":\"https:\/\/staging.forumqualenergia.it\/2022\/wp-content\/uploads\/sites\/23\/2025\/09\/Logo-Legambiente-e1595929567454-200x118-2.png\",\"contentUrl\":\"https:\/\/staging.forumqualenergia.it\/2022\/wp-content\/uploads\/sites\/23\/2025\/09\/Logo-Legambiente-e1595929567454-200x118-2.png\",\"width\":200,\"height\":118},{\"@type\":\"BreadcrumbList\",\"@id\":\"https:\/\/staging.forumqualenergia.it\/2022\/documenti-2\/#breadcrumb\",\"itemListElement\":[{\"@type\":\"ListItem\",\"position\":1,\"name\":\"Home\",\"item\":\"https:\/\/staging.forumqualenergia.it\/2022\/\"},{\"@type\":\"ListItem\",\"position\":2,\"name\":\"DOCUMENTI\"}]},{\"@type\":\"WebSite\",\"@id\":\"https:\/\/staging.forumqualenergia.it\/2022\/#website\",\"url\":\"https:\/\/staging.forumqualenergia.it\/2022\/\",\"name\":\"ForumQualEnergia 2022\",\"description\":\"Il forum della sostenibilit\u00e0 energetica\",\"publisher\":{\"@id\":\"https:\/\/staging.forumqualenergia.it\/2022\/#organization\"},\"potentialAction\":[{\"@type\":\"SearchAction\",\"target\":{\"@type\":\"EntryPoint\",\"urlTemplate\":\"https:\/\/staging.forumqualenergia.it\/2022\/?s={search_term_string}\"},\"query-input\":{\"@type\":\"PropertyValueSpecification\",\"valueRequired\":true,\"valueName\":\"search_term_string\"}}],\"inLanguage\":\"it-IT\"},{\"@type\":\"Organization\",\"@id\":\"https:\/\/staging.forumqualenergia.it\/2022\/#organization\",\"name\":\"ForumQualEnergia 2022\",\"url\":\"https:\/\/staging.forumqualenergia.it\/2022\/\",\"logo\":{\"@type\":\"ImageObject\",\"inLanguage\":\"it-IT\",\"@id\":\"https:\/\/staging.forumqualenergia.it\/2022\/#\/schema\/logo\/image\/\",\"url\":\"https:\/\/staging.forumqualenergia.it\/2022\/wp-content\/uploads\/sites\/23\/2025\/09\/forumqualenergia-logo-2022.png\",\"contentUrl\":\"https:\/\/staging.forumqualenergia.it\/2022\/wp-content\/uploads\/sites\/23\/2025\/09\/forumqualenergia-logo-2022.png\",\"width\":600,\"height\":99,\"caption\":\"ForumQualEnergia 2022\"},\"image\":{\"@id\":\"https:\/\/staging.forumqualenergia.it\/2022\/#\/schema\/logo\/image\/\"}}]}<\/script>\n<!-- \/ Yoast SEO plugin. -->","yoast_head_json":{"title":"DOCUMENTI - ForumQualEnergia 2022","robots":{"index":"index","follow":"follow","max-snippet":"max-snippet:-1","max-image-preview":"max-image-preview:large","max-video-preview":"max-video-preview:-1"},"canonical":"https:\/\/staging.forumqualenergia.it\/2022\/documenti-2\/","og_locale":"it_IT","og_type":"article","og_title":"DOCUMENTI - ForumQualEnergia 2022","og_description":"Documenti Scarica le presentazioni e guarda i video dei relatori. Marco Mancini Ufficio Scientifico Legambiente Marco Mancini Ufficio Scientifico Legambiente Marco\u00a0Mancini, laureato alla Sapienza in Scienze Ambientali e con un dottorato in Ecologia Forestale dell\u2019ateneo della Tuscia, approda nell\u2019ufficio scientifico di Legambiente occupandosi della Campagna di Monitoraggio Scientifico di Goletta Verde. Per l\u2019associazione lavora dal [&hellip;]","og_url":"https:\/\/staging.forumqualenergia.it\/2022\/documenti-2\/","og_site_name":"ForumQualEnergia 2022","article_modified_time":"2025-09-18T15:00:48+00:00","og_image":[{"url":"https:\/\/staging.forumqualenergia.it\/2022\/wp-content\/uploads\/sites\/23\/2025\/09\/Logo-Legambiente-e1595929567454-200x118-2.png","type":"","width":"","height":""}],"twitter_card":"summary_large_image","twitter_misc":{"Tempo di lettura stimato":"14 minuti"},"schema":{"@context":"https:\/\/schema.org","@graph":[{"@type":"WebPage","@id":"https:\/\/staging.forumqualenergia.it\/2022\/documenti-2\/","url":"https:\/\/staging.forumqualenergia.it\/2022\/documenti-2\/","name":"DOCUMENTI - ForumQualEnergia 2022","isPartOf":{"@id":"https:\/\/staging.forumqualenergia.it\/2022\/#website"},"primaryImageOfPage":{"@id":"https:\/\/staging.forumqualenergia.it\/2022\/documenti-2\/#primaryimage"},"image":{"@id":"https:\/\/staging.forumqualenergia.it\/2022\/documenti-2\/#primaryimage"},"thumbnailUrl":"https:\/\/staging.forumqualenergia.it\/2022\/wp-content\/uploads\/sites\/23\/2025\/09\/Logo-Legambiente-e1595929567454-200x118-2.png","datePublished":"2022-12-09T08:58:54+00:00","dateModified":"2025-09-18T15:00:48+00:00","breadcrumb":{"@id":"https:\/\/staging.forumqualenergia.it\/2022\/documenti-2\/#breadcrumb"},"inLanguage":"it-IT","potentialAction":[{"@type":"ReadAction","target":["https:\/\/staging.forumqualenergia.it\/2022\/documenti-2\/"]}]},{"@type":"ImageObject","inLanguage":"it-IT","@id":"https:\/\/staging.forumqualenergia.it\/2022\/documenti-2\/#primaryimage","url":"https:\/\/staging.forumqualenergia.it\/2022\/wp-content\/uploads\/sites\/23\/2025\/09\/Logo-Legambiente-e1595929567454-200x118-2.png","contentUrl":"https:\/\/staging.forumqualenergia.it\/2022\/wp-content\/uploads\/sites\/23\/2025\/09\/Logo-Legambiente-e1595929567454-200x118-2.png","width":200,"height":118},{"@type":"BreadcrumbList","@id":"https:\/\/staging.forumqualenergia.it\/2022\/documenti-2\/#breadcrumb","itemListElement":[{"@type":"ListItem","position":1,"name":"Home","item":"https:\/\/staging.forumqualenergia.it\/2022\/"},{"@type":"ListItem","position":2,"name":"DOCUMENTI"}]},{"@type":"WebSite","@id":"https:\/\/staging.forumqualenergia.it\/2022\/#website","url":"https:\/\/staging.forumqualenergia.it\/2022\/","name":"ForumQualEnergia 2022","description":"Il forum della sostenibilit\u00e0 energetica","publisher":{"@id":"https:\/\/staging.forumqualenergia.it\/2022\/#organization"},"potentialAction":[{"@type":"SearchAction","target":{"@type":"EntryPoint","urlTemplate":"https:\/\/staging.forumqualenergia.it\/2022\/?s={search_term_string}"},"query-input":{"@type":"PropertyValueSpecification","valueRequired":true,"valueName":"search_term_string"}}],"inLanguage":"it-IT"},{"@type":"Organization","@id":"https:\/\/staging.forumqualenergia.it\/2022\/#organization","name":"ForumQualEnergia 2022","url":"https:\/\/staging.forumqualenergia.it\/2022\/","logo":{"@type":"ImageObject","inLanguage":"it-IT","@id":"https:\/\/staging.forumqualenergia.it\/2022\/#\/schema\/logo\/image\/","url":"https:\/\/staging.forumqualenergia.it\/2022\/wp-content\/uploads\/sites\/23\/2025\/09\/forumqualenergia-logo-2022.png","contentUrl":"https:\/\/staging.forumqualenergia.it\/2022\/wp-content\/uploads\/sites\/23\/2025\/09\/forumqualenergia-logo-2022.png","width":600,"height":99,"caption":"ForumQualEnergia 2022"},"image":{"@id":"https:\/\/staging.forumqualenergia.it\/2022\/#\/schema\/logo\/image\/"}}]}},"_links":{"self":[{"href":"https:\/\/staging.forumqualenergia.it\/2022\/wp-json\/wp\/v2\/pages\/5126","targetHints":{"allow":["GET"]}}],"collection":[{"href":"https:\/\/staging.forumqualenergia.it\/2022\/wp-json\/wp\/v2\/pages"}],"about":[{"href":"https:\/\/staging.forumqualenergia.it\/2022\/wp-json\/wp\/v2\/types\/page"}],"author":[{"embeddable":true,"href":"https:\/\/staging.forumqualenergia.it\/2022\/wp-json\/wp\/v2\/users\/5"}],"replies":[{"embeddable":true,"href":"https:\/\/staging.forumqualenergia.it\/2022\/wp-json\/wp\/v2\/comments?post=5126"}],"version-history":[{"count":33,"href":"https:\/\/staging.forumqualenergia.it\/2022\/wp-json\/wp\/v2\/pages\/5126\/revisions"}],"predecessor-version":[{"id":5802,"href":"https:\/\/staging.forumqualenergia.it\/2022\/wp-json\/wp\/v2\/pages\/5126\/revisions\/5802"}],"wp:attachment":[{"href":"https:\/\/staging.forumqualenergia.it\/2022\/wp-json\/wp\/v2\/media?parent=5126"}],"curies":[{"name":"wp","href":"https:\/\/api.w.org\/{rel}","templated":true}]}}